{"id":2229,"date":"2018-10-22T06:02:55","date_gmt":"2018-10-22T06:02:55","guid":{"rendered":"https:\/\/experience-valencia.com\/organiza-tu-viaje\/planes-para-tres-dias\/"},"modified":"2020-01-22T09:37:33","modified_gmt":"2020-01-22T09:37:33","slug":"planes-para-tres-dias","status":"publish","type":"page","link":"https:\/\/experience-valencia.com\/it\/organiza-tu-viaje-a-valencia\/planes-para-tres-dias\/","title":{"rendered":"Planes para tres d\u00edas"},"content":{"rendered":"\t\t<div data-elementor-type=\"wp-post\" data-elementor-id=\"2229\" class=\"elementor elementor-2229 elementor-451\" data-elementor-post-type=\"page\">\n\t\t\t\t\t\t<section class=\"elementor-section elementor-top-section elementor-element elementor-element-7df8a09 elementor-section-boxed elementor-section-height-default elementor-section-height-default\" data-id=\"7df8a09\" data-element_type=\"section\" data-e-type=\"section\">\n\t\t\t\t\t\t<div class=\"elementor-container elementor-column-gap-default\">\n\t\t\t\t\t<div class=\"elementor-column elementor-col-100 elementor-top-column elementor-element elementor-element-52cafe7\" data-id=\"52cafe7\" data-element_type=\"column\" data-e-type=\"column\">\n\t\t\t<div class=\"elementor-widget-wrap elementor-element-populated\">\n\t\t\t\t\t\t<div class=\"elementor-element elementor-element-1cb5e86 elementor-widget elementor-widget-text-editor\" data-id=\"1cb5e86\" data-element_type=\"widget\" data-e-type=\"widget\" data-widget_type=\"text-editor.default\">\n\t\t\t\t<div class=\"elementor-widget-container\">\n\t\t\t\t\t\t\t\t\tPLANES PARA TRES D\u00cdAS EN VALENCIA\t\t\t\t\t\t\t\t<\/div>\n\t\t\t\t<\/div>\n\t\t\t\t\t<\/div>\n\t\t<\/div>\n\t\t\t\t\t<\/div>\n\t\t<\/section>\n\t\t\t\t<section class=\"elementor-section elementor-top-section elementor-element elementor-element-7390880 elementor-section-boxed elementor-section-height-default elementor-section-height-default\" data-id=\"7390880\" data-element_type=\"section\" data-e-type=\"section\">\n\t\t\t\t\t\t<div class=\"elementor-container elementor-column-gap-default\">\n\t\t\t\t\t<div class=\"elementor-column elementor-col-100 elementor-top-column elementor-element elementor-element-339ae19\" data-id=\"339ae19\" data-element_type=\"column\" data-e-type=\"column\">\n\t\t\t<div class=\"elementor-widget-wrap elementor-element-populated\">\n\t\t\t\t\t\t<div class=\"elementor-element elementor-element-033efa8 dce_masking-none elementor-widget elementor-widget-image\" data-id=\"033efa8\" data-element_type=\"widget\" data-e-type=\"widget\" data-widget_type=\"image.default\">\n\t\t\t\t<div class=\"elementor-widget-container\">\n\t\t\t\t\t\t\t\t\t\t\t\t\t\t\t<img fetchpriority=\"high\" decoding=\"async\" width=\"2417\" height=\"1736\" src=\"https:\/\/experience-valencia.com\/wp-content\/uploads\/2018\/10\/30.jpg\" class=\"attachment-full size-full wp-image-646\" alt=\"PLANES PARA TRES D\u00cdA EN VALENCIA\" srcset=\"https:\/\/experience-valencia.com\/wp-content\/uploads\/2018\/10\/30.jpg 2417w, https:\/\/experience-valencia.com\/wp-content\/uploads\/2018\/10\/30-300x215.jpg 300w, https:\/\/experience-valencia.com\/wp-content\/uploads\/2018\/10\/30-768x552.jpg 768w, https:\/\/experience-valencia.com\/wp-content\/uploads\/2018\/10\/30-1024x735.jpg 1024w, https:\/\/experience-valencia.com\/wp-content\/uploads\/2018\/10\/30-700x503.jpg 700w\" sizes=\"(max-width: 2417px) 100vw, 2417px\" \/>\t\t\t\t\t\t\t\t\t\t\t\t\t\t\t<\/div>\n\t\t\t\t<\/div>\n\t\t\t\t\t<\/div>\n\t\t<\/div>\n\t\t\t\t\t<\/div>\n\t\t<\/section>\n\t\t\t\t<section class=\"elementor-section elementor-top-section elementor-element elementor-element-512c9f8 elementor-section-boxed elementor-section-height-default elementor-section-height-default\" data-id=\"512c9f8\" data-element_type=\"section\" data-e-type=\"section\">\n\t\t\t\t\t\t<div class=\"elementor-container elementor-column-gap-default\">\n\t\t\t\t\t<div class=\"elementor-column elementor-col-100 elementor-top-column elementor-element elementor-element-3baa93c\" data-id=\"3baa93c\" data-element_type=\"column\" data-e-type=\"column\">\n\t\t\t<div class=\"elementor-widget-wrap elementor-element-populated\">\n\t\t\t\t\t\t<div class=\"elementor-element elementor-element-05baf6d elementor-widget elementor-widget-text-editor\" data-id=\"05baf6d\" data-element_type=\"widget\" data-e-type=\"widget\" data-widget_type=\"text-editor.default\">\n\t\t\t\t<div class=\"elementor-widget-container\">\n\t\t\t\t\t\t\t\t\tSi s\u00f3lo dispones \u00a0de dos d\u00edas para visitar Valencia, no te preocupes, te proponemos una serie de planes para que \u00a0aproveches el tiempo al m\u00e1ximo y no regreses a casa sin haber visto lo esencial<br>\n<br>\n\n\u00a1Hazte con un mapa y comienza la aventura!\n<p style=\"background-color: #ffffff; font-family: Roboto, sans-serif; text-align: start;\"><\/p>\t\t\t\t\t\t\t\t<\/div>\n\t\t\t\t<\/div>\n\t\t\t\t<div class=\"elementor-element elementor-element-9bab9d9 elementor-widget elementor-widget-text-editor\" data-id=\"9bab9d9\" data-element_type=\"widget\" data-e-type=\"widget\" data-widget_type=\"text-editor.default\">\n\t\t\t\t<div class=\"elementor-widget-container\">\n\t\t\t\t\t\t\t\t\t<h2>D\u00cdA 1. VALENCIA CIUTAT VELLA<\/h2>\t\t\t\t\t\t\t\t<\/div>\n\t\t\t\t<\/div>\n\t\t\t\t\t<\/div>\n\t\t<\/div>\n\t\t\t\t\t<\/div>\n\t\t<\/section>\n\t\t\t\t<section class=\"elementor-section elementor-top-section elementor-element elementor-element-484a077 elementor-section-boxed elementor-section-height-default elementor-section-height-default\" data-id=\"484a077\" data-element_type=\"section\" data-e-type=\"section\">\n\t\t\t\t\t\t<div class=\"elementor-container elementor-column-gap-default\">\n\t\t\t\t\t<div class=\"elementor-column elementor-col-100 elementor-top-column elementor-element elementor-element-ace3191\" data-id=\"ace3191\" data-element_type=\"column\" data-e-type=\"column\">\n\t\t\t<div class=\"elementor-widget-wrap elementor-element-populated\">\n\t\t\t\t\t\t<div class=\"elementor-element elementor-element-e0d8260 elementor-tabs-view-horizontal elementor-widget elementor-widget-tabs\" data-id=\"e0d8260\" data-element_type=\"widget\" data-e-type=\"widget\" data-widget_type=\"tabs.default\">\n\t\t\t\t<div class=\"elementor-widget-container\">\n\t\t\t\t\t\t\t<div class=\"elementor-tabs\">\n\t\t\t<div class=\"elementor-tabs-wrapper\" role=\"tablist\" >\n\t\t\t\t\t\t\t\t\t<div id=\"elementor-tab-title-2351\" class=\"elementor-tab-title elementor-tab-desktop-title\" aria-selected=\"true\" data-tab=\"1\" role=\"tab\" tabindex=\"0\" aria-controls=\"elementor-tab-content-2351\" aria-expanded=\"false\">POR LA MA\u00d1ANA<\/div>\n\t\t\t\t\t\t\t\t\t<div id=\"elementor-tab-title-2352\" class=\"elementor-tab-title elementor-tab-desktop-title\" aria-selected=\"false\" data-tab=\"2\" role=\"tab\" tabindex=\"-1\" aria-controls=\"elementor-tab-content-2352\" aria-expanded=\"false\">POR LA TARDE<\/div>\n\t\t\t\t\t\t\t\t\t<div id=\"elementor-tab-title-2353\" class=\"elementor-tab-title elementor-tab-desktop-title\" aria-selected=\"false\" data-tab=\"3\" role=\"tab\" tabindex=\"-1\" aria-controls=\"elementor-tab-content-2353\" aria-expanded=\"false\">D\u00d3NDE COMER<\/div>\n\t\t\t\t\t\t\t<\/div>\n\t\t\t<div class=\"elementor-tabs-content-wrapper\" role=\"tablist\" aria-orientation=\"vertical\">\n\t\t\t\t\t\t\t\t\t<div class=\"elementor-tab-title elementor-tab-mobile-title\" aria-selected=\"true\" data-tab=\"1\" role=\"tab\" tabindex=\"0\" aria-controls=\"elementor-tab-content-2351\" aria-expanded=\"false\">POR LA MA\u00d1ANA<\/div>\n\t\t\t\t\t<div id=\"elementor-tab-content-2351\" class=\"elementor-tab-content elementor-clearfix\" data-tab=\"1\" role=\"tabpanel\" aria-labelledby=\"elementor-tab-title-2351\" tabindex=\"0\" hidden=\"false\"><p>Te recomendamos que visites la \u201cCiutat Vella\u201d recorriendo sus plazas principales y visitando sus edificios m\u00e1s emblem\u00e1ticos. Desde Torres de Serranos hasta la Estaci\u00f3n del Norte no te podr\u00e1s perder: Plaza de la Virgen,\u00a0 Bas\u00edlica de los Desamparados, Almoina,\u00a0 Plaza de la Reina, Catedral, Plaza Redonda, Plaza Lope de Vega, Plaza del Mercado, Lonja de la Seda, Mercado Central, Palacio Marqu\u00e9s de Dos Aguas,\u00a0 Plaza del Ayuntamiento, Plaza de Toros,\u00a0 Estaci\u00f3n del Norte.<\/p><p>Si se\u00a0 inicia la ruta al rev\u00e9s, desde Estaci\u00f3n del Norte, se podr\u00e1 hacer una paradita en la Tourist Info y solicitar informaci\u00f3n sobre la ciudad (Plaza del Ayuntamiento, n\u00ba 1)<br \/><br \/><br \/><strong style=\"background-color: #ffffff;\"><br \/>LO IMPRESCINDIBLE<\/strong><\/p><p>\u00a0<\/p><ul><li>Recorre el\u00a0<a href=\"https:\/\/www.mercadocentralvalencia.es\/\" target=\"_blank\" rel=\"noopener\">Mercado Central de Valencia<\/a>, uno de los m\u00e1s grandes de Europa dedicado a productos frescos de gran calidad<\/li><li>No te pierdas el gran sal\u00f3n columnario de la Lonja de la Seda, edificio declarado Patrimonio de la Humanidad por la Unesco<\/li><li>Admira la Catedral de Valencia y sube a lo m\u00e1s alto del Miguelete para contemplar una panor\u00e1mica \u00fanica de la ciudad<\/li><li>No te vayas sin probar nuestra bebida t\u00edpica, la Horchata. !No te olvides de acompa\u00f1arla con un farton!<\/li><\/ul><p><strong style=\"background-color: #ffffff;\">\u00a0<\/strong><br \/><br \/><br \/><strong style=\"background-color: #ffffff;\">\u00bfSAB\u00cdAS QU\u00c9?\u00a0<\/strong><br \/><br \/><br \/><strong>\u00a0<\/strong>Los museos dependientes del ayuntamiento, los domingos y festivos son gratuitos.<\/p><\/div>\n\t\t\t\t\t\t\t\t\t<div class=\"elementor-tab-title elementor-tab-mobile-title\" aria-selected=\"false\" data-tab=\"2\" role=\"tab\" tabindex=\"-1\" aria-controls=\"elementor-tab-content-2352\" aria-expanded=\"false\">POR LA TARDE<\/div>\n\t\t\t\t\t<div id=\"elementor-tab-content-2352\" class=\"elementor-tab-content elementor-clearfix\" data-tab=\"2\" role=\"tabpanel\" aria-labelledby=\"elementor-tab-title-2352\" tabindex=\"0\" hidden=\"hidden\"><p>Una vez has descubierto el centro hist\u00f3rico, te proponemos un giro de 180 grados. Es hora de descubrir la parte m\u00e1s futurista, la Ciudad de las Artes y de las Ciencias. All\u00ed podr\u00e1s pasear entre muchas otras opciones: ver una pel\u00edcula tridimensional en el Hemisf\u00e8ric, aprender de la ciencia en el Museo Pr\u00edncipe Felipe o visita el Ocenogr\u00e0fic, el acuario m\u00e1s grande de Europa.<br \/><br \/><br \/><strong>\u00a0<\/strong><\/p><p><strong>LO IMPRESCINDIBLE<\/strong><\/p><p>\u00a0<\/p><ul><li>Recorre el complejo arquitect\u00f3nico de Santiago Calatrava, la Ciudad de las Artes y de las Ciencias.<\/li><li>Visita el acuario m\u00e1s grande de Europa y aprende sobre todos los ecosistemas m\u00e1s importantes del planeta.<\/li><\/ul><p><strong>\u00a0<\/strong><br \/><br \/><br \/><strong>\u00bfSAB\u00cdAS QU\u00c9? <\/strong><br \/><br \/><br \/>El Ocenogr\u00e0fic organiza a lo largo del d\u00eda exhibiciones educativas sobre delfines. Consulta el horario cuando llegues al acuario. Los m\u00e1s atrevidos podr\u00e1n dormir rodeado de tiburones!<\/p><p>El Palau Reina Sof\u00eda organiza visitas guiadas para poder conocer \u00a0uno de los centros art\u00edsticos y culturales m\u00e1s importantes a nivel mundial.<\/p><p>La Ciudad de las Artes y de las Ciencias es la ciudad de la m\u00fasica, un lugar donde tienen lugar conciertos al aire libre: \u201cUn Lago de Conciertos\u201d , \u201cFestival de les Arts<\/p><\/div>\n\t\t\t\t\t\t\t\t\t<div class=\"elementor-tab-title elementor-tab-mobile-title\" aria-selected=\"false\" data-tab=\"3\" role=\"tab\" tabindex=\"-1\" aria-controls=\"elementor-tab-content-2353\" aria-expanded=\"false\">D\u00d3NDE COMER<\/div>\n\t\t\t\t\t<div id=\"elementor-tab-content-2353\" class=\"elementor-tab-content elementor-clearfix\" data-tab=\"3\" role=\"tabpanel\" aria-labelledby=\"elementor-tab-title-2353\" tabindex=\"0\" hidden=\"hidden\"><p><strong>D\u00d3NDE COMER<\/strong><br \/><br \/><br \/>La Ciutat Vella cuenta con una amplia oferta gastron\u00f3mica donde podr\u00e1s degustar la aut\u00e9ntica paella valenciana o riqu\u00edsimos platos Mediterr\u00e1neos<br \/><br \/><br \/><strong>\u00bfSAB\u00cdAS QU\u00c9?<\/strong><br \/><br \/><br \/>Fundaci\u00f3n Turismo Valencia y El Ayuntamiento de Valencia organizan dos veces al a\u00f1o\u00a0<a href=\"https:\/\/www.valenciacuinaoberta.com\/es\/\" target=\"_blank\" rel=\"noopener\">\u201cCuina Oberta o Val\u00e9ncia Restaunta Week\u201d<\/a>\u00a0donde los mejores restaurantes de Valencia ofrecen men\u00fas degustaci\u00f3n a un precio \u00fanico.<\/p><\/div>\n\t\t\t\t\t\t\t<\/div>\n\t\t<\/div>\n\t\t\t\t\t\t<\/div>\n\t\t\t\t<\/div>\n\t\t\t\t<div class=\"elementor-element elementor-element-b4fab7f elementor-widget elementor-widget-html\" data-id=\"b4fab7f\" data-element_type=\"widget\" data-e-type=\"widget\" data-widget_type=\"html.default\">\n\t\t\t\t<div class=\"elementor-widget-container\">\n\t\t\t\t\t<iframe src=\"https:\/\/www.google.com\/maps\/d\/embed?mid=1yp6Gz7vCM3HP4MSYatYYwdk7qjCri-gX\" width=\"640\" height=\"480\"><\/iframe>\t\t\t\t<\/div>\n\t\t\t\t<\/div>\n\t\t\t\t<div class=\"elementor-element elementor-element-070d78a elementor-widget elementor-widget-text-editor\" data-id=\"070d78a\" data-element_type=\"widget\" data-e-type=\"widget\" data-widget_type=\"text-editor.default\">\n\t\t\t\t<div class=\"elementor-widget-container\">\n\t\t\t\t\t\t\t\t\tSi quieres que te acompa\u00f1emos durante el d\u00eda,\nno dudes en contactarnos y juntos organizaremos la mejor experiencia.\nTe dejamos algunas propuestas para visitar este d\u00eda Valencia.\t\t\t\t\t\t\t\t<\/div>\n\t\t\t\t<\/div>\n\t\t\t\t\t<\/div>\n\t\t<\/div>\n\t\t\t\t\t<\/div>\n\t\t<\/section>\n\t\t\t\t<section class=\"elementor-section elementor-top-section elementor-element elementor-element-14d27a2 elementor-section-boxed elementor-section-height-default elementor-section-height-default\" data-id=\"14d27a2\" data-element_type=\"section\" data-e-type=\"section\">\n\t\t\t\t\t\t<div class=\"elementor-container elementor-column-gap-default\">\n\t\t\t\t\t<div class=\"elementor-column elementor-col-100 elementor-top-column elementor-element elementor-element-39b5965\" data-id=\"39b5965\" data-element_type=\"column\" data-e-type=\"column\">\n\t\t\t<div class=\"elementor-widget-wrap\">\n\t\t\t\t\t\t\t<\/div>\n\t\t<\/div>\n\t\t\t\t\t<\/div>\n\t\t<\/section>\n\t\t\t\t<section class=\"elementor-section elementor-top-section elementor-element elementor-element-0857a71 elementor-section-boxed elementor-section-height-default elementor-section-height-default\" data-id=\"0857a71\" data-element_type=\"section\" data-e-type=\"section\">\n\t\t\t\t\t\t<div class=\"elementor-container elementor-column-gap-default\">\n\t\t\t\t\t<div class=\"elementor-column elementor-col-100 elementor-top-column elementor-element elementor-element-081f637\" data-id=\"081f637\" data-element_type=\"column\" data-e-type=\"column\">\n\t\t\t<div class=\"elementor-widget-wrap elementor-element-populated\">\n\t\t\t\t\t\t<div class=\"dce-fix-background-loop elementor-element elementor-element-4fe0149 image-acfposts-position-top text-acfposts-position-outside hoveranim-yes acfposts-align-left elementor-widget elementor-widget-dyncontel-acfposts\" data-id=\"4fe0149\" data-element_type=\"widget\" data-e-type=\"widget\" data-settings=\"{&quot;slidesPerView&quot;:3,&quot;enabled_wow&quot;:&quot;yes&quot;,&quot;direction_slider&quot;:&quot;horizontal&quot;,&quot;speed_slider&quot;:300,&quot;effects&quot;:&quot;slide&quot;,&quot;spaceBetween&quot;:0,&quot;slidesColumn&quot;:&quot;1&quot;,&quot;slidesPerGroup&quot;:1,&quot;useNavigation&quot;:&quot;yes&quot;,&quot;usePagination&quot;:&quot;yes&quot;,&quot;pagination_type&quot;:&quot;bullets&quot;}\" data-widget_type=\"dyncontel-acfposts.default\">\n\t\t\t\t<div class=\"elementor-widget-container\">\n\t\t\t\t\t<div class=\"swiper swiper-container-horizontal\">\t\t\t<div class=\"acfposts-grid dce-posts-wrap swiper-style swiper-wrapper\" data-style=\"swiper\" data-fitrow=\"\">\n\n\t\t\t\t\n\t\t\t\t\t<div data-dce-post-id=\"1180\" class=\"dce-post-item dce-post-item-1180 dce-elementor-1180 elementor-383 column- swiper-slide   wow fadeInDown\" data-wow-delay=\"0s\">\n\n\t\t\t\t\t\t\n\t\t\t\t\t\t<div class=\"dce-wrapper \">\n\n\t\t\t\t\t\t\t\n\t\t\t\t\t\t\t\t\t\t<div class=\"dce-acfposts_image\">\n\t\t\t<div class=\"dce-acfposts_imagewrap\">\t\t\t<a href=\"https:\/\/experience-valencia.com\/it\/rutas-por-valencia\/centro-historico-descubre-cultivo-de-la-chufa-horchata-tour\/\">\t\t\t\t\t\t\t<img decoding=\"async\" src=\"https:\/\/experience-valencia.com\/wp-content\/uploads\/elementor\/thumbs\/chufa-q0kjix1xgf0ldz6k65caqh3qepqmh7eq6wtgkp9flk.jpg\" title=\"Centro storico + Scopri le coltivazioni di chufa. Horchata tour\" class=\"acfposts-image\" alt=\"\">\n\t\t\t\t\n\t\t\t\t\t\t\t\t\t<\/a>\t\t\t<\/div>\t\t<\/div>\n\n\t\t\t\t\t\t\t\t\t\t<div class=\"dce-acfposts_content\">\n\t\t\t\t\t\t\t\t\t<h5 class=\"dce-post-title\">\t\t<a href=\"https:\/\/experience-valencia.com\/it\/rutas-por-valencia\/centro-historico-descubre-cultivo-de-la-chufa-horchata-tour\/\">Centro storico + Scopri le coltivazioni di chufa. Horchata tour<\/a>\t\t<\/h5>\n\t\t\t\t\t\t\t\t<\/div>\n\t\t\t\t\t\t\t\t\t\t\t\t\t\t\t\t\t\t\t\t\t\t<\/div><!-- end wrapper -->\n\n\t\t\t\t\t<\/div><!-- end item -->\n\n\t\t\t\t\t\n\t\t\t\t\t<div data-dce-post-id=\"1184\" class=\"dce-post-item dce-post-item-1184 dce-elementor-1184 elementor-382 column- swiper-slide   wow fadeInDown\" data-wow-delay=\"0s\">\n\n\t\t\t\t\t\t\n\t\t\t\t\t\t<div class=\"dce-wrapper \">\n\n\t\t\t\t\t\t\t\n\t\t\t\t\t\t\t\t\t\t<div class=\"dce-acfposts_image\">\n\t\t\t<div class=\"dce-acfposts_imagewrap\">\t\t\t<a href=\"https:\/\/experience-valencia.com\/it\/rutas-por-valencia\/centro-historico-do-valencia\/\">\t\t\t\t\t\t\t<img decoding=\"async\" src=\"https:\/\/experience-valencia.com\/wp-content\/uploads\/elementor\/thumbs\/do-valencia-q0kjinnjk2nq5vk7p1a11jh4gv0yc8detmalrxndbs.jpg\" title=\"Centro storico + Vini D.I. Valencia\" class=\"acfposts-image\" alt=\"\">\n\t\t\t\t\n\t\t\t\t\t\t\t\t\t<\/a>\t\t\t<\/div>\t\t<\/div>\n\n\t\t\t\t\t\t\t\t\t\t<div class=\"dce-acfposts_content\">\n\t\t\t\t\t\t\t\t\t<h5 class=\"dce-post-title\">\t\t<a href=\"https:\/\/experience-valencia.com\/it\/rutas-por-valencia\/centro-historico-do-valencia\/\">Centro storico + Vini D.I. Valencia<\/a>\t\t<\/h5>\n\t\t\t\t\t\t\t\t<\/div>\n\t\t\t\t\t\t\t\t\t\t\t\t\t\t\t\t\t\t\t\t\t\t<\/div><!-- end wrapper -->\n\n\t\t\t\t\t<\/div><!-- end item -->\n\n\t\t\t\t\t\n\t\t\t\t\t<div data-dce-post-id=\"1176\" class=\"dce-post-item dce-post-item-1176 dce-elementor-1176 elementor-379 column- swiper-slide   wow fadeInDown\" data-wow-delay=\"0s\">\n\n\t\t\t\t\t\t\n\t\t\t\t\t\t<div class=\"dce-wrapper \">\n\n\t\t\t\t\t\t\t\n\t\t\t\t\t\t\t\t\t\t<div class=\"dce-acfposts_image\">\n\t\t\t<div class=\"dce-acfposts_imagewrap\">\t\t\t<a href=\"https:\/\/experience-valencia.com\/it\/rutas-por-valencia\/tapas-tour\/\">\t\t\t\t\t\t\t<img decoding=\"async\" src=\"https:\/\/experience-valencia.com\/wp-content\/uploads\/elementor\/thumbs\/tapas-q0kj1qk4jfhx6k4yhpzs5t6fj6f3sd7chvjysmqhbs.jpg\" title=\"Tapas tour + Centro Storico\" class=\"acfposts-image\" alt=\"\">\n\t\t\t\t\n\t\t\t\t\t\t\t\t\t<\/a>\t\t\t<\/div>\t\t<\/div>\n\n\t\t\t\t\t\t\t\t\t\t<div class=\"dce-acfposts_content\">\n\t\t\t\t\t\t\t\t\t<h5 class=\"dce-post-title\">\t\t<a href=\"https:\/\/experience-valencia.com\/it\/rutas-por-valencia\/tapas-tour\/\">Tapas tour + Centro Storico<\/a>\t\t<\/h5>\n\t\t\t\t\t\t\t\t<\/div>\n\t\t\t\t\t\t\t\t\t\t\t\t\t\t\t\t\t\t\t\t\t\t<\/div><!-- end wrapper -->\n\n\t\t\t\t\t<\/div><!-- end item -->\n\n\t\t\t\t\t\n\t\t\t\t\t<div data-dce-post-id=\"1189\" class=\"dce-post-item dce-post-item-1189 dce-elementor-1189 elementor-362 column- swiper-slide   wow fadeInDown\" data-wow-delay=\"0s\">\n\n\t\t\t\t\t\t\n\t\t\t\t\t\t<div class=\"dce-wrapper \">\n\n\t\t\t\t\t\t\t\n\t\t\t\t\t\t\t\t\t\t<div class=\"dce-acfposts_image\">\n\t\t\t<div class=\"dce-acfposts_imagewrap\">\t\t\t<a href=\"https:\/\/experience-valencia.com\/it\/rutas-por-valencia\/bike-tour-horchata-centro-rio-cac\/\">\t\t\t\t\t\t\t<img decoding=\"async\" src=\"https:\/\/experience-valencia.com\/wp-content\/uploads\/elementor\/thumbs\/bike-tour-q0kjj99tx9hbkwot6smg4w0q4q2e99r8klartarbco.jpg\" title=\"Tour in bicicletta rinfrescante\" class=\"acfposts-image\" alt=\"\">\n\t\t\t\t\n\t\t\t\t\t\t\t\t\t<\/a>\t\t\t<\/div>\t\t<\/div>\n\n\t\t\t\t\t\t\t\t\t\t<div class=\"dce-acfposts_content\">\n\t\t\t\t\t\t\t\t\t<h5 class=\"dce-post-title\">\t\t<a href=\"https:\/\/experience-valencia.com\/it\/rutas-por-valencia\/bike-tour-horchata-centro-rio-cac\/\">Tour in bicicletta rinfrescante<\/a>\t\t<\/h5>\n\t\t\t\t\t\t\t\t<\/div>\n\t\t\t\t\t\t\t\t\t\t\t\t\t\t\t\t\t\t\t\t\t\t<\/div><!-- end wrapper -->\n\n\t\t\t\t\t<\/div><!-- end item -->\n\n\t\t\t\t\t\n\t\t\t\t\t<div data-dce-post-id=\"1198\" class=\"dce-post-item dce-post-item-1198 dce-elementor-1198 elementor-361 column- swiper-slide   wow fadeInDown\" data-wow-delay=\"0s\">\n\n\t\t\t\t\t\t\n\t\t\t\t\t\t<div class=\"dce-wrapper \">\n\n\t\t\t\t\t\t\t\n\t\t\t\t\t\t\t\t\t\t<div class=\"dce-acfposts_image\">\n\t\t\t<div class=\"dce-acfposts_imagewrap\">\t\t\t<a href=\"https:\/\/experience-valencia.com\/it\/rutas-por-valencia\/valencia-full-bike-centro-cac-rio-maritimo\/\">\t\t\t\t\t\t\t<img decoding=\"async\" src=\"https:\/\/experience-valencia.com\/wp-content\/uploads\/elementor\/thumbs\/valencia-en-bici-q0kj0hfvfds5p9yht6hou4kb0olhiw88bo8nrcldmg.jpg\" title=\"Valencia al completo\" class=\"acfposts-image\" alt=\"\">\n\t\t\t\t\n\t\t\t\t\t\t\t\t\t<\/a>\t\t\t<\/div>\t\t<\/div>\n\n\t\t\t\t\t\t\t\t\t\t<div class=\"dce-acfposts_content\">\n\t\t\t\t\t\t\t\t\t<h5 class=\"dce-post-title\">\t\t<a href=\"https:\/\/experience-valencia.com\/it\/rutas-por-valencia\/valencia-full-bike-centro-cac-rio-maritimo\/\">Valencia al completo<\/a>\t\t<\/h5>\n\t\t\t\t\t\t\t\t<\/div>\n\t\t\t\t\t\t\t\t\t\t\t\t\t\t\t\t\t\t\t\t\t\t<\/div><!-- end wrapper -->\n\n\t\t\t\t\t<\/div><!-- end item -->\n\n\t\t\t\t\t\n\t\t\t\t\t<div data-dce-post-id=\"1086\" class=\"dce-post-item dce-post-item-1086 dce-elementor-1086 elementor-352 column- swiper-slide   wow fadeInDown\" data-wow-delay=\"0s\">\n\n\t\t\t\t\t\t\n\t\t\t\t\t\t<div class=\"dce-wrapper \">\n\n\t\t\t\t\t\t\t\n\t\t\t\t\t\t\t\t\t\t<div class=\"dce-acfposts_image\">\n\t\t\t<div class=\"dce-acfposts_imagewrap\">\t\t\t<a href=\"https:\/\/experience-valencia.com\/it\/rutas-por-valencia\/oceanografic\/\">\t\t\t\t\t\t\t<img decoding=\"async\" src=\"https:\/\/experience-valencia.com\/wp-content\/uploads\/elementor\/thumbs\/oceanografic-q0kji2z3dpvf2ge91sc8ioozeduvmw3berxx7ui14o.jpg\" title=\"Acquario di Valencia: Oceanogr\u00e0fic\" class=\"acfposts-image\" alt=\"\">\n\t\t\t\t\n\t\t\t\t\t\t\t\t\t<\/a>\t\t\t<\/div>\t\t<\/div>\n\n\t\t\t\t\t\t\t\t\t\t<div class=\"dce-acfposts_content\">\n\t\t\t\t\t\t\t\t\t<h5 class=\"dce-post-title\">\t\t<a href=\"https:\/\/experience-valencia.com\/it\/rutas-por-valencia\/oceanografic\/\">Acquario di Valencia: Oceanogr\u00e0fic<\/a>\t\t<\/h5>\n\t\t\t\t\t\t\t\t<\/div>\n\t\t\t\t\t\t\t\t\t\t\t\t\t\t\t\t\t\t\t\t\t\t<\/div><!-- end wrapper -->\n\n\t\t\t\t\t<\/div><!-- end item -->\n\n\t\t\t\t\t\n\t\t\t\t\t<div data-dce-post-id=\"1162\" class=\"dce-post-item dce-post-item-1162 dce-elementor-1162 elementor-332 column- swiper-slide   wow fadeInDown\" data-wow-delay=\"0s\">\n\n\t\t\t\t\t\t\n\t\t\t\t\t\t<div class=\"dce-wrapper \">\n\n\t\t\t\t\t\t\t\n\t\t\t\t\t\t\t\t\t\t<div class=\"dce-acfposts_image\">\n\t\t\t<div class=\"dce-acfposts_imagewrap\">\t\t\t<a href=\"https:\/\/experience-valencia.com\/it\/rutas-por-valencia\/centro-historico-cueva-de-san-jose\/\">\t\t\t\t\t\t\t<img decoding=\"async\" src=\"https:\/\/experience-valencia.com\/wp-content\/uploads\/elementor\/thumbs\/cueva-san-jose-q0kjoj589sp8q510e2p34k3u4k2jg4p0mp2ur6xsfs.jpg\" title=\"Centro storico + Grotte di San Giuseppe\" class=\"acfposts-image\" alt=\"\">\n\t\t\t\t\n\t\t\t\t\t\t\t\t\t<\/a>\t\t\t<\/div>\t\t<\/div>\n\n\t\t\t\t\t\t\t\t\t\t<div class=\"dce-acfposts_content\">\n\t\t\t\t\t\t\t\t\t<h5 class=\"dce-post-title\">\t\t<a href=\"https:\/\/experience-valencia.com\/it\/rutas-por-valencia\/centro-historico-cueva-de-san-jose\/\">Centro storico + Grotte di San Giuseppe<\/a>\t\t<\/h5>\n\t\t\t\t\t\t\t\t<\/div>\n\t\t\t\t\t\t\t\t\t\t\t\t\t\t\t\t\t\t\t\t\t\t<\/div><!-- end wrapper -->\n\n\t\t\t\t\t<\/div><!-- end item -->\n\n\t\t\t\t\t\n\t\t\t\t\t<div data-dce-post-id=\"1167\" class=\"dce-post-item dce-post-item-1167 dce-elementor-1167 elementor-324 column- swiper-slide   wow fadeInDown\" data-wow-delay=\"0s\">\n\n\t\t\t\t\t\t\n\t\t\t\t\t\t<div class=\"dce-wrapper \">\n\n\t\t\t\t\t\t\t\n\t\t\t\t\t\t\t\t\t\t<div class=\"dce-acfposts_image\">\n\t\t\t<div class=\"dce-acfposts_imagewrap\">\t\t\t<a href=\"https:\/\/experience-valencia.com\/it\/rutas-por-valencia\/centro-historico-bioparc\/\">\t\t\t\t\t\t\t<img decoding=\"async\" src=\"https:\/\/experience-valencia.com\/wp-content\/uploads\/elementor\/thumbs\/bioparc-valencia-q0kidi9wd6btwfbzz8xzvxao9luhd90fty5dfuntq0.jpg\" title=\"Centro storico + Bioparc\" class=\"acfposts-image\" alt=\"\">\n\t\t\t\t\n\t\t\t\t\t\t\t\t\t<\/a>\t\t\t<\/div>\t\t<\/div>\n\n\t\t\t\t\t\t\t\t\t\t<div class=\"dce-acfposts_content\">\n\t\t\t\t\t\t\t\t\t<h5 class=\"dce-post-title\">\t\t<a href=\"https:\/\/experience-valencia.com\/it\/rutas-por-valencia\/centro-historico-bioparc\/\">Centro storico + Bioparc<\/a>\t\t<\/h5>\n\t\t\t\t\t\t\t\t<\/div>\n\t\t\t\t\t\t\t\t\t\t\t\t\t\t\t\t\t\t\t\t\t\t<\/div><!-- end wrapper -->\n\n\t\t\t\t\t<\/div><!-- end item -->\n\n\t\t\t\t\t\n\t\t\t\t\t<div data-dce-post-id=\"1131\" class=\"dce-post-item dce-post-item-1131 dce-elementor-1131 elementor-323 column- swiper-slide   wow fadeInDown\" data-wow-delay=\"0s\">\n\n\t\t\t\t\t\t\n\t\t\t\t\t\t<div class=\"dce-wrapper \">\n\n\t\t\t\t\t\t\t\n\t\t\t\t\t\t\t\t\t\t\t\t\t\t\t\t<div class=\"dce-acfposts_content\">\n\t\t\t\t\t\t\t\t\t<h5 class=\"dce-post-title\">\t\t<a href=\"https:\/\/experience-valencia.com\/it\/rutas-por-valencia\/centro-historico-lladro\/\">Centro storico + Porcellana Valenciana: Lladr\u00f3<\/a>\t\t<\/h5>\n\t\t\t\t\t\t\t\t<\/div>\n\t\t\t\t\t\t\t\t\t\t\t\t\t\t\t\t\t\t\t\t\t\t<\/div><!-- end wrapper -->\n\n\t\t\t\t\t<\/div><!-- end item -->\n\n\t\t\t\t\t\n\t\t\t\t\t<div data-dce-post-id=\"1148\" class=\"dce-post-item dce-post-item-1148 dce-elementor-1148 elementor-322 column- swiper-slide   wow fadeInDown\" data-wow-delay=\"0s\">\n\n\t\t\t\t\t\t\n\t\t\t\t\t\t<div class=\"dce-wrapper \">\n\n\t\t\t\t\t\t\t\n\t\t\t\t\t\t\t\t\t\t<div class=\"dce-acfposts_image\">\n\t\t\t<div class=\"dce-acfposts_imagewrap\">\t\t\t<a href=\"https:\/\/experience-valencia.com\/it\/rutas-por-valencia\/centro-historico-flamenco-show\/\">\t\t\t\t\t\t\t<img decoding=\"async\" src=\"https:\/\/experience-valencia.com\/wp-content\/uploads\/elementor\/thumbs\/flamenco-show-q0kjp6n70nlese2vkuurcw6cz6upskab1xdzr3yy48.jpg\" title=\"Centro storico + Spettacolo di flamenco\" class=\"acfposts-image\" alt=\"\">\n\t\t\t\t\n\t\t\t\t\t\t\t\t\t<\/a>\t\t\t<\/div>\t\t<\/div>\n\n\t\t\t\t\t\t\t\t\t\t<div class=\"dce-acfposts_content\">\n\t\t\t\t\t\t\t\t\t<h5 class=\"dce-post-title\">\t\t<a href=\"https:\/\/experience-valencia.com\/it\/rutas-por-valencia\/centro-historico-flamenco-show\/\">Centro storico + Spettacolo di flamenco<\/a>\t\t<\/h5>\n\t\t\t\t\t\t\t\t<\/div>\n\t\t\t\t\t\t\t\t\t\t\t\t\t\t\t\t\t\t\t\t\t\t<\/div><!-- end wrapper -->\n\n\t\t\t\t\t<\/div><!-- end item -->\n\n\t\t\t\t\t\n\t\t\t\t\t<div data-dce-post-id=\"1130\" class=\"dce-post-item dce-post-item-1130 dce-elementor-1130 elementor-319 column- swiper-slide   wow fadeInDown\" data-wow-delay=\"0s\">\n\n\t\t\t\t\t\t\n\t\t\t\t\t\t<div class=\"dce-wrapper \">\n\n\t\t\t\t\t\t\t\n\t\t\t\t\t\t\t\t\t\t<div class=\"dce-acfposts_image\">\n\t\t\t<div class=\"dce-acfposts_imagewrap\">\t\t\t<a href=\"https:\/\/experience-valencia.com\/it\/rutas-por-valencia\/centro-historico-museo-fallero\/\">\t\t\t\t\t\t\t<img decoding=\"async\" src=\"https:\/\/experience-valencia.com\/wp-content\/uploads\/elementor\/thumbs\/museo-fallero-q0kjpjsxoc3faxjrg0jjbsutal1usbqjrqisgzffp4.jpg\" title=\"Centro storico + Museo fallero\" class=\"acfposts-image\" alt=\"\">\n\t\t\t\t\n\t\t\t\t\t\t\t\t\t<\/a>\t\t\t<\/div>\t\t<\/div>\n\n\t\t\t\t\t\t\t\t\t\t<div class=\"dce-acfposts_content\">\n\t\t\t\t\t\t\t\t\t<h5 class=\"dce-post-title\">\t\t<a href=\"https:\/\/experience-valencia.com\/it\/rutas-por-valencia\/centro-historico-museo-fallero\/\">Centro storico + Museo fallero<\/a>\t\t<\/h5>\n\t\t\t\t\t\t\t\t<\/div>\n\t\t\t\t\t\t\t\t\t\t\t\t\t\t\t\t\t\t\t\t\t\t<\/div><!-- end wrapper -->\n\n\t\t\t\t\t<\/div><!-- end item -->\n\n\t\t\t\t\t\n\t\t\t\t\t<div data-dce-post-id=\"1132\" class=\"dce-post-item dce-post-item-1132 dce-elementor-1132 elementor-316 column- swiper-slide   wow fadeInDown\" data-wow-delay=\"0s\">\n\n\t\t\t\t\t\t\n\t\t\t\t\t\t<div class=\"dce-wrapper \">\n\n\t\t\t\t\t\t\t\n\t\t\t\t\t\t\t\t\t\t\t\t\t\t\t\t<div class=\"dce-acfposts_content\">\n\t\t\t\t\t\t\t\t\t<h5 class=\"dce-post-title\">\t\t<a href=\"https:\/\/experience-valencia.com\/it\/rutas-por-valencia\/centro-historico-iglesia-de-san-nicolas\/\">Centro storico + Chiesa di San Nicola<\/a>\t\t<\/h5>\n\t\t\t\t\t\t\t\t<\/div>\n\t\t\t\t\t\t\t\t\t\t\t\t\t\t\t\t\t\t\t\t\t\t<\/div><!-- end wrapper -->\n\n\t\t\t\t\t<\/div><!-- end item -->\n\n\t\t\t\t\t\n\t\t\t\t\t<div data-dce-post-id=\"1158\" class=\"dce-post-item dce-post-item-1158 dce-elementor-1158 elementor-309 column- swiper-slide   wow fadeInDown\" data-wow-delay=\"0s\">\n\n\t\t\t\t\t\t\n\t\t\t\t\t\t<div class=\"dce-wrapper \">\n\n\t\t\t\t\t\t\t\n\t\t\t\t\t\t\t\t\t\t<div class=\"dce-acfposts_image\">\n\t\t\t<div class=\"dce-acfposts_imagewrap\">\t\t\t<a href=\"https:\/\/experience-valencia.com\/it\/rutas-por-valencia\/centro-historico-degustacion-horchate\/\">\t\t\t\t\t\t\t<img decoding=\"async\" src=\"https:\/\/experience-valencia.com\/wp-content\/uploads\/elementor\/thumbs\/centro-historico-degustacion-horchata-q0kidvfn0utueysvuemrutz4l01md0gojra65q4baw.jpg\" title=\"Centro storico + Degustazione horchata\" class=\"acfposts-image\" alt=\"\">\n\t\t\t\t\n\t\t\t\t\t\t\t\t\t<\/a>\t\t\t<\/div>\t\t<\/div>\n\n\t\t\t\t\t\t\t\t\t\t<div class=\"dce-acfposts_content\">\n\t\t\t\t\t\t\t\t\t<h5 class=\"dce-post-title\">\t\t<a href=\"https:\/\/experience-valencia.com\/it\/rutas-por-valencia\/centro-historico-degustacion-horchate\/\">Centro storico + Degustazione horchata<\/a>\t\t<\/h5>\n\t\t\t\t\t\t\t\t<\/div>\n\t\t\t\t\t\t\t\t\t\t\t\t\t\t\t\t\t\t\t\t\t\t<\/div><!-- end wrapper -->\n\n\t\t\t\t\t<\/div><!-- end item -->\n\n\t\t\t\t\t\n\t\t\t\t\t<div data-dce-post-id=\"1153\" class=\"dce-post-item dce-post-item-1153 dce-elementor-1153 elementor-306 column- swiper-slide   wow fadeInDown\" data-wow-delay=\"0s\">\n\n\t\t\t\t\t\t\n\t\t\t\t\t\t<div class=\"dce-wrapper \">\n\n\t\t\t\t\t\t\t\n\t\t\t\t\t\t\t\t\t\t<div class=\"dce-acfposts_image\">\n\t\t\t<div class=\"dce-acfposts_imagewrap\">\t\t\t<a href=\"https:\/\/experience-valencia.com\/it\/rutas-por-valencia\/centro-historico-premuim\/\">\t\t\t\t\t\t\t<img decoding=\"async\" src=\"https:\/\/experience-valencia.com\/wp-content\/uploads\/elementor\/thumbs\/centro-historico-premium-q0kk4crfbed05u1lzwx03kd6422z0pict0f3kvh7p4.jpg\" title=\"Centro storico Premium\" class=\"acfposts-image\" alt=\"\">\n\t\t\t\t\n\t\t\t\t\t\t\t\t\t<\/a>\t\t\t<\/div>\t\t<\/div>\n\n\t\t\t\t\t\t\t\t\t\t<div class=\"dce-acfposts_content\">\n\t\t\t\t\t\t\t\t\t<h5 class=\"dce-post-title\">\t\t<a href=\"https:\/\/experience-valencia.com\/it\/rutas-por-valencia\/centro-historico-premuim\/\">Centro storico Premium<\/a>\t\t<\/h5>\n\t\t\t\t\t\t\t\t<\/div>\n\t\t\t\t\t\t\t\t\t\t\t\t\t\t\t\t\t\t\t\t\t\t<\/div><!-- end wrapper -->\n\n\t\t\t\t\t<\/div><!-- end item -->\n\n\t\t\t\t\t\n\t\t\t\t\t<div data-dce-post-id=\"912\" class=\"dce-post-item dce-post-item-912 dce-elementor-912 elementor-303 column- swiper-slide   wow fadeInDown\" data-wow-delay=\"0s\">\n\n\t\t\t\t\t\t\n\t\t\t\t\t\t<div class=\"dce-wrapper \">\n\n\t\t\t\t\t\t\t\n\t\t\t\t\t\t\t\t\t\t<div class=\"dce-acfposts_image\">\n\t\t\t<div class=\"dce-acfposts_imagewrap\">\t\t\t<a href=\"https:\/\/experience-valencia.com\/it\/rutas-por-valencia\/centro-historico\/\">\t\t\t\t\t\t\t<img decoding=\"async\" src=\"https:\/\/experience-valencia.com\/wp-content\/uploads\/elementor\/thumbs\/centro-historico-q0kjvy3e6quobe993a34soqqtzis664sbecr1rxzco.jpg\" title=\"Centro storico\" class=\"acfposts-image\" alt=\"\">\n\t\t\t\t\n\t\t\t\t\t\t\t\t\t<\/a>\t\t\t<\/div>\t\t<\/div>\n\n\t\t\t\t\t\t\t\t\t\t<div class=\"dce-acfposts_content\">\n\t\t\t\t\t\t\t\t\t<h5 class=\"dce-post-title\">\t\t<a href=\"https:\/\/experience-valencia.com\/it\/rutas-por-valencia\/centro-historico\/\">Centro storico<\/a>\t\t<\/h5>\n\t\t\t\t\t\t\t\t<\/div>\n\t\t\t\t\t\t\t\t\t\t\t\t\t\t\t\t\t\t\t\t\t\t<\/div><!-- end wrapper -->\n\n\t\t\t\t\t<\/div><!-- end item -->\n\n\t\t\t\t\t\n\t\t\t<\/div><!-- end grid -->\n\n\t\t\t\n\t\t\t<\/div> <!-- swiper-wrapper --><div class=\"swiper-container-horizontal\"><div class=\"swiper-pagination pagination-4fe0149\"><\/div><\/div><div class=\"swiper-button-prev prev-4fe0149\"><svg version=\"1.1\" xmlns=\"http:\/\/www.w3.org\/2000\/svg\" xmlns:xlink=\"http:\/\/www.w3.org\/1999\/xlink\" x=\"-10px\" y=\"-10px\"\n                width=\"85.039px\" height=\"85.039px\" viewBox=\"378.426 255.12 85.039 85.039\" enable-background=\"new 378.426 255.12 85.039 85.039\"\n                xml:space=\"preserve\">\n                <line fill=\"none\" stroke=\"#000000\" stroke-width=\"1.3845\" stroke-dasharray=\"0,0\" stroke-miterlimit=\"10\" x1=\"382.456\" y1=\"298.077\" x2=\"458.375\" y2=\"298.077\"\/>\n                <polyline fill=\"none\" stroke=\"#000000\" stroke-width=\"1.3845\" stroke-dasharray=\"0,0\" stroke-miterlimit=\"10\" points=\"416.287,331.909,382.456,298.077,416.287,264.245 \"\/>\n                <\/svg><\/div><div class=\"swiper-button-next next-4fe0149\"><svg version=\"1.1\" xmlns=\"http:\/\/www.w3.org\/2000\/svg\" xmlns:xlink=\"http:\/\/www.w3.org\/1999\/xlink\" x=\"0px\" y=\"0px\"\n                width=\"85.039px\" height=\"85.039px\" viewBox=\"378.426 255.12 85.039 85.039\" enable-background=\"new 378.426 255.12 85.039 85.039\"\n                xml:space=\"preserve\">\n                <line fill=\"none\" stroke=\"#000000\" stroke-width=\"1.3845\" stroke-miterlimit=\"10\" x1=\"458.375\" y1=\"298.077\" x2=\"382.456\" y2=\"298.077\"\/>\n                <polyline fill=\"none\" stroke=\"#000000\" stroke-width=\"1.3845\" stroke-miterlimit=\"10\" points=\"424.543,264.245 458.375,298.077,424.543,331.909 \"\/>\n                <\/svg><\/div>\t\t\t\t<\/div>\n\t\t\t\t<\/div>\n\t\t\t\t\t<\/div>\n\t\t<\/div>\n\t\t\t\t\t<\/div>\n\t\t<\/section>\n\t\t\t\t<section class=\"elementor-section elementor-top-section elementor-element elementor-element-ee475e0 elementor-section-boxed elementor-section-height-default elementor-section-height-default\" data-id=\"ee475e0\" data-element_type=\"section\" data-e-type=\"section\">\n\t\t\t\t\t\t<div class=\"elementor-container elementor-column-gap-default\">\n\t\t\t\t\t<div class=\"elementor-column elementor-col-100 elementor-top-column elementor-element elementor-element-71cc587\" data-id=\"71cc587\" data-element_type=\"column\" data-e-type=\"column\">\n\t\t\t<div class=\"elementor-widget-wrap elementor-element-populated\">\n\t\t\t\t\t\t<div class=\"elementor-element elementor-element-6bf7b7e elementor-widget elementor-widget-heading\" data-id=\"6bf7b7e\" data-element_type=\"widget\" data-e-type=\"widget\" data-widget_type=\"heading.default\">\n\t\t\t\t<div class=\"elementor-widget-container\">\n\t\t\t\t\t<h2 class=\"elementor-heading-title elementor-size-default\"><span>D\u00cdA 2. CIUDAD DE LAS ARTES Y DE LAS CIENCIAS<\/span><\/h2>\t\t\t\t<\/div>\n\t\t\t\t<\/div>\n\t\t\t\t<div class=\"elementor-element elementor-element-43d86ab elementor-widget elementor-widget-text-editor\" data-id=\"43d86ab\" data-element_type=\"widget\" data-e-type=\"widget\" data-widget_type=\"text-editor.default\">\n\t\t\t\t<div class=\"elementor-widget-container\">\n\t\t\t\t\t\t\t\t\tUna vez has descubierto el centro hist\u00f3rico, te proponemos un giro de 180 grados!\u00a0 Es hora de descubrir la cara m\u00e1s vanguardista, la Ciudad de las Artes y de las Ciencias! All\u00ed podr\u00e1s pasear entre muchas otras opciones: ver una pel\u00edcula tridimensional en el Hemisf\u00e8ric, aprender de la ciencia en el Museo Pr\u00edncipe Felipe o visita el Ocenogr\u00e0fic, el acuario m\u00e1s grande de Europa.\t\t\t\t\t\t\t\t<\/div>\n\t\t\t\t<\/div>\n\t\t\t\t<div class=\"elementor-element elementor-element-9f3fe56 elementor-tabs-view-horizontal elementor-widget elementor-widget-tabs\" data-id=\"9f3fe56\" data-element_type=\"widget\" data-e-type=\"widget\" data-widget_type=\"tabs.default\">\n\t\t\t\t<div class=\"elementor-widget-container\">\n\t\t\t\t\t\t\t<div class=\"elementor-tabs\">\n\t\t\t<div class=\"elementor-tabs-wrapper\" role=\"tablist\" >\n\t\t\t\t\t\t\t\t\t<div id=\"elementor-tab-title-1661\" class=\"elementor-tab-title elementor-tab-desktop-title\" aria-selected=\"true\" data-tab=\"1\" role=\"tab\" tabindex=\"0\" aria-controls=\"elementor-tab-content-1661\" aria-expanded=\"false\">POR LA MA\u00d1ANA<\/div>\n\t\t\t\t\t\t\t\t\t<div id=\"elementor-tab-title-1662\" class=\"elementor-tab-title elementor-tab-desktop-title\" aria-selected=\"false\" data-tab=\"2\" role=\"tab\" tabindex=\"-1\" aria-controls=\"elementor-tab-content-1662\" aria-expanded=\"false\">POR LA TARDE<\/div>\n\t\t\t\t\t\t\t\t\t<div id=\"elementor-tab-title-1663\" class=\"elementor-tab-title elementor-tab-desktop-title\" aria-selected=\"false\" data-tab=\"3\" role=\"tab\" tabindex=\"-1\" aria-controls=\"elementor-tab-content-1663\" aria-expanded=\"false\">D\u00d3NDE COMER<\/div>\n\t\t\t\t\t\t\t<\/div>\n\t\t\t<div class=\"elementor-tabs-content-wrapper\" role=\"tablist\" aria-orientation=\"vertical\">\n\t\t\t\t\t\t\t\t\t<div class=\"elementor-tab-title elementor-tab-mobile-title\" aria-selected=\"true\" data-tab=\"1\" role=\"tab\" tabindex=\"0\" aria-controls=\"elementor-tab-content-1661\" aria-expanded=\"false\">POR LA MA\u00d1ANA<\/div>\n\t\t\t\t\t<div id=\"elementor-tab-content-1661\" class=\"elementor-tab-content elementor-clearfix\" data-tab=\"1\" role=\"tabpanel\" aria-labelledby=\"elementor-tab-title-1661\" tabindex=\"0\" hidden=\"false\">Te proponemos que dediques toda la ma\u00f1ana al acuario m\u00e1s grande de Europa, El Oceanogr\u00e0fic. En su interior se encuentran\u00a0 todos los ecosistemas marinos m\u00e1s importantes del planeta: El \u00c1rtico con las Belugas y las Morsas, La Ant\u00e1rtida con los ping\u00fcinos, Los Oc\u00e9anos con los tiburones, Los Tr\u00f3picos con la famosa Dori\u00a0 (pez cirujano) y Nemo (pez payaso),\u00a0 y el delfinario donde habitan sus\u00a0 delfines mulares\u00a0 y realizan actuaciones 3 o 4 veces al d\u00eda dependiendo de la \u00e9poca del a\u00f1o. El Restaurante Submarino y el Edificio de Acceso que da la bienvenida a los visitantes, destacan por las espectaculares cubiertas dise\u00f1adas por F\u00e9lix Candela.\n<br>\n<br>\n\nDisfruta de un viaje submarino por el mayor acuario m\u00e1s grande de Europa y no te pierdas la visita la delfinario para aprender mucho sobre ellos!\n<br>\n<br>\n\n<strong>LO IMPRESCINDIBLE<\/strong>\n<ul><br>\n\n \t<li>Visita el acuario m\u00e1s grande de Europa y aprende sobre todos los ecosistemas m\u00e1s importantes del planeta.<\/li>\n<\/ul><br>\n\n<strong>\u00bfSAB\u00cdAS QU\u00c9? <\/strong>\n<ul><br>\n\n \t<li>Dentro del Ocenogr\u00e0fic se encuentra el cine 4D ma\u0301s grande de Espan\u0303a, con 190 localidades que reproducen diferentes ambientes y aventuras. Vive en la sala de proyeccio\u0301n condiciones como viento, cambios de luz, aromas, nieve, asi\u0301 como vibracio\u0301n en los asientos.<\/li>\n \t<li>El Ocenogr\u00e0fic organiza a lo largo del d\u00eda exhibiciones educativas sobre delfines y otros animales. Consulta todas las actividades y organiza el recorrido. Los m\u00e1s atrevidos podr\u00e1n tambi\u00e9n dormir rodeado de tiburones!<\/li>\n<\/ul><\/div>\n\t\t\t\t\t\t\t\t\t<div class=\"elementor-tab-title elementor-tab-mobile-title\" aria-selected=\"false\" data-tab=\"2\" role=\"tab\" tabindex=\"-1\" aria-controls=\"elementor-tab-content-1662\" aria-expanded=\"false\">POR LA TARDE<\/div>\n\t\t\t\t\t<div id=\"elementor-tab-content-1662\" class=\"elementor-tab-content elementor-clearfix\" data-tab=\"2\" role=\"tabpanel\" aria-labelledby=\"elementor-tab-title-1662\" tabindex=\"0\" hidden=\"hidden\"><p>Te sugerimos que aproveches la tarde para seguir descubriendo el complejo arquitect\u00f3nico de Calatrava. Puedes visitar El Museo de las Ciencias Pr\u00edncipe Felipe, un referente de la ciencia interactiva cuyo objetivo\u00a0 principal consiste en fomentar la curiosidad y el esp\u00edritu cr\u00edtico, intentando sorprender y divertir al p\u00fablico a trav\u00e9s de los contenidos que ofrece en torno al mundo de la ciencia, la tecnolog\u00eda y el medio ambiente.<\/p><p>A continuaci\u00f3n descubre el singular edificio de Calatrava, El Hemisf\u00e8ric, y elige de la cartelera la\u00a0 proyecci\u00f3n que m\u00e1s te guste.<\/p><p>La \u00faltima opci\u00f3n para completar el d\u00eda ser\u00eda conocer uno de los centros art\u00edsticos y culturales m\u00e1s importantes a nivel mundial, El Palau de Les Arts Reina Sof\u00eda. Es posible acceder a los recintos donde tienen lugar las grandes representaciones oper\u00edsticas y musicales cada temporada<\/p><p>Como se suele decir \u201cEl tiempo pasa volando! As\u00ed que te aconsejamos que elijas para esta tarde s\u00f3lo dos opciones de las propuestas.<\/p><ul style=\"background-color: #ffffff;\"><li>Museo de las Ciencias Pr\u00edncipe Felipe + Hemisf\u00e8ric<\/li><li>useo de las Ciencias Pr\u00edncipe Felipe + Palau de les Arts Reina Sof\u00eda.<\/li><li>Hemisf\u00e8ric + Palau de les Arts Reina Sof\u00eda.<\/li><\/ul><p>\u00a0<\/p><p>\u00a0<\/p><p><strong>LO IMPRESCINDIBLE<\/strong><\/p><p>Para organizar mejor la tarde, no olvides:<\/p><ul style=\"background-color: #ffffff;\"><li>Consultar la cartelera de todas las proyecciones en L\u00b4Hemisf\u00e8ric. M\u00e1s info aqu\u00ed:\u00a0\u00a0<a href=\"https:\/\/www.cac.es\/es\/hemisferic\/cartelera.html\" target=\"_blank\" rel=\"noopener\">&#8211; Cartelera\u00a0 Hemisf\u00e8ric-<\/a>\u00a0,\u00a0 \u00a0\u00a0<a href=\"https:\/\/www.cac.es\/es\/hemisferic\/proyecciones.html\" target=\"_blank\" rel=\"noopener\">&#8211; Proyecciones Hemisf\u00e8ric &#8211;<\/a><\/li><li>Consultar el horario de los distintos talleres que organiza El Museo de las Ciencias Pr\u00edncipe Felipe. M\u00e1s info aqu\u00ed\u00a0<a href=\"https:\/\/www.cac.es\/es\/museu-de-les-ciencies\/talleres.html\" target=\"_blank\" rel=\"noopener\">&#8211; Talleres Museo de las Ciencias-<\/a><\/li><li>Consultar el horario de las visitas guiadas que ofrece el Palau de les Arts Reina Sof\u00eda. M\u00e1s info aqu\u00ed\u00a0<a href=\"https:\/\/visitesguiades.lesarts.com\/\" target=\"_blank\" rel=\"noopener\">&#8211; Horarios visitas guiadas Palau de les Arts &#8211;<\/a><\/li><\/ul><p>\u00a0<\/p><p style=\"background-color: #ffffff;\"><strong>\u00bfSAB\u00cdAS QU\u00c9?<\/strong><\/p><p style=\"background-color: #ffffff;\">La Ciudad de las Artes y de las Ciencias es la ciudad de la m\u00fasica, un lugar donde tienen lugar conciertos al aire libre. Consulta fecha de \u201cUn Lago de Conciertos\u201d, \u201cFestival de les Arts\u201d .<\/p><ul style=\"background-color: #ffffff;\"><li>Info\u00a0<a href=\"https:\/\/musicaenabierto.com\/un-lago-de-conciertos\/\" target=\"_blank\" rel=\"noopener\">&#8220;Un lago de conciertos&#8221;<\/a><\/li><li>Info\u00a0<a href=\"https:\/\/www.festivaldelesarts.com\/\" target=\"_blank\" rel=\"noopener\">&#8220;Festival de les Arts&#8221;<\/a><\/li><li>Info\u00a0<a href=\"http:\/\/lovethe90svalencia.sharemusic.es\/\" target=\"_blank\" rel=\"noopener\">&#8220;Love the 90s Valencia&#8221;<\/a><\/li><\/ul><\/div>\n\t\t\t\t\t\t\t\t\t<div class=\"elementor-tab-title elementor-tab-mobile-title\" aria-selected=\"false\" data-tab=\"3\" role=\"tab\" tabindex=\"-1\" aria-controls=\"elementor-tab-content-1663\" aria-expanded=\"false\">D\u00d3NDE COMER<\/div>\n\t\t\t\t\t<div id=\"elementor-tab-content-1663\" class=\"elementor-tab-content elementor-clearfix\" data-tab=\"3\" role=\"tabpanel\" aria-labelledby=\"elementor-tab-title-1663\" tabindex=\"0\" hidden=\"hidden\"><p>Para este d\u00eda cuentas con varias opciones:<\/p><ul><li>Si quieres quedarte dentro del acuario, \u00e9ste cuenta con servicios de restauraci\u00f3n: la cocina de alta calidad del\u00a0<a href=\"https:\/\/www.oceanografic.org\/en\/restaurante-submarino\/\" target=\"_blank\" rel=\"noopener\"><strong>Restaurante Submarino\u00a0<\/strong><\/a>ubicado en el lago central, el\u00a0<strong>Restaurante Oc\u00e9anos<\/strong>, que destaca por su cuidada selecci\u00f3n de productos y su terraza con vistas al complejo, el\u00a0<a href=\"https:\/\/www.oceanografic.org\/planifica-tu-visita\/restauracion-y-tiendas\/\" target=\"_blank\" rel=\"noopener\"><strong>Autoservicio La Lonja<\/strong><\/a>, servicio r\u00e1pido de todo tipo de comidas con gran variedad de platos para toda la familia, la\u00a0<strong><a href=\"https:\/\/www.oceanografic.org\/planifica-tu-visita\/restauracion-y-tiendas\/\" target=\"_blank\" rel=\"noopener\">Pizzer\u00eda Helader\u00eda<\/a>\u00a0Mediterr\u00e1neo<\/strong>, la\u00a0<a href=\"https:\/\/www.oceanografic.org\/planifica-tu-visita\/restauracion-y-tiendas\/\" target=\"_blank\" rel=\"noopener\"><strong>Hamburgueseria Tabarca<\/strong><\/a>\u00a0y la\u00a0<strong>Helader\u00eda Rompehielos<\/strong>.<\/li><li>Si has decidido seguir descubriendo la Ciudad de las Artes y de las Ciencias y la siguiente actividad es visitar el Museo de las Ciencias Pr\u00edncipe Felipe, el Hemisf\u00e8ric o El Palau de les Arts Reina Sof\u00eda, tambi\u00e9n podr\u00e1s comer por\u00a0<a href=\"https:\/\/www.cac.es\/es\/oceanografic\/donde-comer.html\" target=\"_blank\" rel=\"noopener\"><strong>aqu\u00ed<\/strong><\/a>:\u00a0<strong>La Terraza Ba<\/strong><strong>r<\/strong>\u00a0situada Frente al Hemisf\u00e8ric y junto al Museu de les Ci\u00e8ncias Pr\u00edncep Felipe,\u00a0<strong>\u00a0<\/strong>\u200bLa\u00a0<strong>hamburguer\u00eda del Hemisf\u00e8ric,\u00a0<\/strong>El restaurante<strong>\u00a0Museo Trattoria\u00a0<\/strong>del Museu de les Ci\u00e8ncies Pr\u00edncep Felipe, especializado en cocina italiana o\u00a0<a href=\"https:\/\/www.restaurantecontrapuntolesarts.com\/menu-semanal\" target=\"_blank\" rel=\"noopener\"><strong>Contrapunto<\/strong>\u00a0<strong>Les Arts<\/strong><\/a>\u00a0situado en El Palau de Les Arts<\/li><li>La \u00faltima opci\u00f3n es aprovechar la variada oferta gastron\u00f3mica de todos los centros comerciales que se encuentran alrededor del complejo:\u00a0<strong><a href=\"https:\/\/www.elcorteingles.es\/centroscomerciales\/es\/eci\/centros\/centro-comercial-avenida-de-francia\" target=\"_blank\" rel=\"noopener\">El Corte Ingl\u00e9s Av. de Francia,<\/a>\u00a0Centro comercial\u00a0<a href=\"http:\/\/aqua-multiespacio.com\/directorio\/restauracion\/\" target=\"_blank\" rel=\"noopener\">Aqua Multiespacio\u00a0<\/a><\/strong>o<strong><a href=\"https:\/\/www.elsaler.es\/restaurantes\" target=\"_blank\" rel=\"noopener\">\u00a0Centro Comercial CC El Saler<\/a>.<\/strong><\/li><\/ul><\/div>\n\t\t\t\t\t\t\t<\/div>\n\t\t<\/div>\n\t\t\t\t\t\t<\/div>\n\t\t\t\t<\/div>\n\t\t\t\t<div class=\"elementor-element elementor-element-7deb1b4 elementor-widget elementor-widget-html\" data-id=\"7deb1b4\" data-element_type=\"widget\" data-e-type=\"widget\" data-widget_type=\"html.default\">\n\t\t\t\t<div class=\"elementor-widget-container\">\n\t\t\t\t\t<iframe src=\"https:\/\/www.google.com\/maps\/d\/embed?mid=1VckdTdBNSGAP3th1D15D_1PDA8JY2m1n\" width=\"640\" height=\"480\"><\/iframe>\t\t\t\t<\/div>\n\t\t\t\t<\/div>\n\t\t\t\t\t<\/div>\n\t\t<\/div>\n\t\t\t\t\t<\/div>\n\t\t<\/section>\n\t\t\t\t<section class=\"elementor-section elementor-top-section elementor-element elementor-element-1464457 elementor-section-boxed elementor-section-height-default elementor-section-height-default\" data-id=\"1464457\" data-element_type=\"section\" data-e-type=\"section\">\n\t\t\t\t\t\t<div class=\"elementor-container elementor-column-gap-default\">\n\t\t\t\t\t<div class=\"elementor-column elementor-col-100 elementor-top-column elementor-element elementor-element-6abbd24\" data-id=\"6abbd24\" data-element_type=\"column\" data-e-type=\"column\">\n\t\t\t<div class=\"elementor-widget-wrap elementor-element-populated\">\n\t\t\t\t\t\t<div class=\"elementor-element elementor-element-dc04534 elementor-widget elementor-widget-text-editor\" data-id=\"dc04534\" data-element_type=\"widget\" data-e-type=\"widget\" data-widget_type=\"text-editor.default\">\n\t\t\t\t<div class=\"elementor-widget-container\">\n\t\t\t\t\t\t\t\t\tTe dejamos m\u00e1s propuestas para este d\u00eda en Valencia.\t\t\t\t\t\t\t\t<\/div>\n\t\t\t\t<\/div>\n\t\t\t\t\t<\/div>\n\t\t<\/div>\n\t\t\t\t\t<\/div>\n\t\t<\/section>\n\t\t\t\t<section class=\"elementor-section elementor-top-section elementor-element elementor-element-f2fc6a5 elementor-section-boxed elementor-section-height-default elementor-section-height-default\" data-id=\"f2fc6a5\" data-element_type=\"section\" data-e-type=\"section\">\n\t\t\t\t\t\t<div class=\"elementor-container elementor-column-gap-default\">\n\t\t\t\t\t<div class=\"elementor-column elementor-col-100 elementor-top-column elementor-element elementor-element-c218d52\" data-id=\"c218d52\" data-element_type=\"column\" data-e-type=\"column\">\n\t\t\t<div class=\"elementor-widget-wrap elementor-element-populated\">\n\t\t\t\t\t\t<div class=\"dce-fix-background-loop elementor-element elementor-element-a2457b2 image-acfposts-position-top text-acfposts-position-outside hoveranim-yes acfposts-align-left elementor-widget elementor-widget-dyncontel-acfposts\" data-id=\"a2457b2\" data-element_type=\"widget\" data-e-type=\"widget\" data-settings=\"{&quot;slidesPerView&quot;:3,&quot;enabled_wow&quot;:&quot;yes&quot;,&quot;direction_slider&quot;:&quot;horizontal&quot;,&quot;speed_slider&quot;:300,&quot;effects&quot;:&quot;slide&quot;,&quot;spaceBetween&quot;:0,&quot;slidesColumn&quot;:&quot;1&quot;,&quot;slidesPerGroup&quot;:1,&quot;useNavigation&quot;:&quot;yes&quot;,&quot;usePagination&quot;:&quot;yes&quot;,&quot;pagination_type&quot;:&quot;bullets&quot;}\" data-widget_type=\"dyncontel-acfposts.default\">\n\t\t\t\t<div class=\"elementor-widget-container\">\n\t\t\t\t\t<div class=\"swiper swiper-container-horizontal\">\t\t\t<div class=\"acfposts-grid dce-posts-wrap swiper-style swiper-wrapper\" data-style=\"swiper\" data-fitrow=\"\">\n\n\t\t\t\t\n\t\t\t\t\t<div data-dce-post-id=\"1085\" class=\"dce-post-item dce-post-item-1085 dce-elementor-1085 elementor-354 column- swiper-slide   wow fadeInDown\" data-wow-delay=\"0s\">\n\n\t\t\t\t\t\t\n\t\t\t\t\t\t<div class=\"dce-wrapper \">\n\n\t\t\t\t\t\t\t\n\t\t\t\t\t\t\t\t\t\t<div class=\"dce-acfposts_image\">\n\t\t\t<div class=\"dce-acfposts_imagewrap\">\t\t\t<a href=\"https:\/\/experience-valencia.com\/it\/rutas-por-valencia\/oceanografic-hemisferic\/\">\t\t\t\t\t\t\t<img decoding=\"async\" src=\"https:\/\/experience-valencia.com\/wp-content\/uploads\/elementor\/thumbs\/oceanografic-hemisferic-q0khhjrfzykv5pr6lfmn3zmh5zd7nq4zfrn2161pa0.jpg\" title=\"Acquario + Hemisf\u00e8ric\" class=\"acfposts-image\" alt=\"\">\n\t\t\t\t\n\t\t\t\t\t\t\t\t\t<\/a>\t\t\t<\/div>\t\t<\/div>\n\n\t\t\t\t\t\t\t\t\t\t<div class=\"dce-acfposts_content\">\n\t\t\t\t\t\t\t\t\t<h5 class=\"dce-post-title\">\t\t<a href=\"https:\/\/experience-valencia.com\/it\/rutas-por-valencia\/oceanografic-hemisferic\/\">Acquario + Hemisf\u00e8ric<\/a>\t\t<\/h5>\n\t\t\t\t\t\t\t\t<\/div>\n\t\t\t\t\t\t\t\t\t\t\t\t\t\t\t\t\t\t\t\t\t\t<\/div><!-- end wrapper -->\n\n\t\t\t\t\t<\/div><!-- end item -->\n\n\t\t\t\t\t\n\t\t\t\t\t<div data-dce-post-id=\"1084\" class=\"dce-post-item dce-post-item-1084 dce-elementor-1084 elementor-353 column- swiper-slide   wow fadeInDown\" data-wow-delay=\"0s\">\n\n\t\t\t\t\t\t\n\t\t\t\t\t\t<div class=\"dce-wrapper \">\n\n\t\t\t\t\t\t\t\n\t\t\t\t\t\t\t\t\t\t<div class=\"dce-acfposts_image\">\n\t\t\t<div class=\"dce-acfposts_imagewrap\">\t\t\t<a href=\"https:\/\/experience-valencia.com\/it\/rutas-por-valencia\/oceanografic-museo-principe-felipe\/\">\t\t\t\t\t\t\t<img decoding=\"async\" src=\"https:\/\/experience-valencia.com\/wp-content\/uploads\/elementor\/thumbs\/oceanografica-ciudad-artes-y-ciencias-q0khhwx6nn2vo982glbf2waxhdkcnhl85krur1i6uw.jpg\" title=\"Acquario + Museo Principe Felipe\" class=\"acfposts-image\" alt=\"\">\n\t\t\t\t\n\t\t\t\t\t\t\t\t\t<\/a>\t\t\t<\/div>\t\t<\/div>\n\n\t\t\t\t\t\t\t\t\t\t<div class=\"dce-acfposts_content\">\n\t\t\t\t\t\t\t\t\t<h5 class=\"dce-post-title\">\t\t<a href=\"https:\/\/experience-valencia.com\/it\/rutas-por-valencia\/oceanografic-museo-principe-felipe\/\">Acquario + Museo Principe Felipe<\/a>\t\t<\/h5>\n\t\t\t\t\t\t\t\t<\/div>\n\t\t\t\t\t\t\t\t\t\t\t\t\t\t\t\t\t\t\t\t\t\t<\/div><!-- end wrapper -->\n\n\t\t\t\t\t<\/div><!-- end item -->\n\n\t\t\t\t\t\n\t\t\t\t\t<div data-dce-post-id=\"1086\" class=\"dce-post-item dce-post-item-1086 dce-elementor-1086 elementor-352 column- swiper-slide   wow fadeInDown\" data-wow-delay=\"0s\">\n\n\t\t\t\t\t\t\n\t\t\t\t\t\t<div class=\"dce-wrapper \">\n\n\t\t\t\t\t\t\t\n\t\t\t\t\t\t\t\t\t\t<div class=\"dce-acfposts_image\">\n\t\t\t<div class=\"dce-acfposts_imagewrap\">\t\t\t<a href=\"https:\/\/experience-valencia.com\/it\/rutas-por-valencia\/oceanografic\/\">\t\t\t\t\t\t\t<img decoding=\"async\" src=\"https:\/\/experience-valencia.com\/wp-content\/uploads\/elementor\/thumbs\/oceanografic-q0kji2z3dpvf2ge91sc8ioozeduvmw3berxx7ui14o.jpg\" title=\"Acquario di Valencia: Oceanogr\u00e0fic\" class=\"acfposts-image\" alt=\"\">\n\t\t\t\t\n\t\t\t\t\t\t\t\t\t<\/a>\t\t\t<\/div>\t\t<\/div>\n\n\t\t\t\t\t\t\t\t\t\t<div class=\"dce-acfposts_content\">\n\t\t\t\t\t\t\t\t\t<h5 class=\"dce-post-title\">\t\t<a href=\"https:\/\/experience-valencia.com\/it\/rutas-por-valencia\/oceanografic\/\">Acquario di Valencia: Oceanogr\u00e0fic<\/a>\t\t<\/h5>\n\t\t\t\t\t\t\t\t<\/div>\n\t\t\t\t\t\t\t\t\t\t\t\t\t\t\t\t\t\t\t\t\t\t<\/div><!-- end wrapper -->\n\n\t\t\t\t\t<\/div><!-- end item -->\n\n\t\t\t\t\t\n\t\t\t<\/div><!-- end grid -->\n\n\t\t\t\n\t\t\t<\/div> <!-- swiper-wrapper --><div class=\"swiper-container-horizontal\"><div class=\"swiper-pagination pagination-a2457b2\"><\/div><\/div><div class=\"swiper-button-prev prev-a2457b2\"><svg version=\"1.1\" xmlns=\"http:\/\/www.w3.org\/2000\/svg\" xmlns:xlink=\"http:\/\/www.w3.org\/1999\/xlink\" x=\"-10px\" y=\"-10px\"\n                width=\"85.039px\" height=\"85.039px\" viewBox=\"378.426 255.12 85.039 85.039\" enable-background=\"new 378.426 255.12 85.039 85.039\"\n                xml:space=\"preserve\">\n                <line fill=\"none\" stroke=\"#000000\" stroke-width=\"1.3845\" stroke-dasharray=\"0,0\" stroke-miterlimit=\"10\" x1=\"382.456\" y1=\"298.077\" x2=\"458.375\" y2=\"298.077\"\/>\n                <polyline fill=\"none\" stroke=\"#000000\" stroke-width=\"1.3845\" stroke-dasharray=\"0,0\" stroke-miterlimit=\"10\" points=\"416.287,331.909,382.456,298.077,416.287,264.245 \"\/>\n                <\/svg><\/div><div class=\"swiper-button-next next-a2457b2\"><svg version=\"1.1\" xmlns=\"http:\/\/www.w3.org\/2000\/svg\" xmlns:xlink=\"http:\/\/www.w3.org\/1999\/xlink\" x=\"0px\" y=\"0px\"\n                width=\"85.039px\" height=\"85.039px\" viewBox=\"378.426 255.12 85.039 85.039\" enable-background=\"new 378.426 255.12 85.039 85.039\"\n                xml:space=\"preserve\">\n                <line fill=\"none\" stroke=\"#000000\" stroke-width=\"1.3845\" stroke-miterlimit=\"10\" x1=\"458.375\" y1=\"298.077\" x2=\"382.456\" y2=\"298.077\"\/>\n                <polyline fill=\"none\" stroke=\"#000000\" stroke-width=\"1.3845\" stroke-miterlimit=\"10\" points=\"424.543,264.245 458.375,298.077,424.543,331.909 \"\/>\n                <\/svg><\/div>\t\t\t\t<\/div>\n\t\t\t\t<\/div>\n\t\t\t\t\t<\/div>\n\t\t<\/div>\n\t\t\t\t\t<\/div>\n\t\t<\/section>\n\t\t\t\t<section class=\"elementor-section elementor-top-section elementor-element elementor-element-025d0c5 elementor-section-boxed elementor-section-height-default elementor-section-height-default\" data-id=\"025d0c5\" data-element_type=\"section\" data-e-type=\"section\">\n\t\t\t\t\t\t<div class=\"elementor-container elementor-column-gap-default\">\n\t\t\t\t\t<div class=\"elementor-column elementor-col-100 elementor-top-column elementor-element elementor-element-2a4e9dd\" data-id=\"2a4e9dd\" data-element_type=\"column\" data-e-type=\"column\">\n\t\t\t<div class=\"elementor-widget-wrap elementor-element-populated\">\n\t\t\t\t\t\t<div class=\"elementor-element elementor-element-0a74de4 elementor-widget elementor-widget-heading\" data-id=\"0a74de4\" data-element_type=\"widget\" data-e-type=\"widget\" data-widget_type=\"heading.default\">\n\t\t\t\t<div class=\"elementor-widget-container\">\n\t\t\t\t\t<h2 class=\"elementor-heading-title elementor-size-default\"><span>D\u00cdA 3. VALENCIA LOCAL<\/span><\/h2>\t\t\t\t<\/div>\n\t\t\t\t<\/div>\n\t\t\t\t<div class=\"elementor-element elementor-element-e6844b8 elementor-widget elementor-widget-text-editor\" data-id=\"e6844b8\" data-element_type=\"widget\" data-e-type=\"widget\" data-widget_type=\"text-editor.default\">\n\t\t\t\t<div class=\"elementor-widget-container\">\n\t\t\t\t\t\t\t\t\tPara este tercer d\u00eda te proponemos salir de Valencia y conocer el Parque Natural de la Albufera situado a unos 10 kil\u00f3metros de distancia.\n<br><br>\nAdentrarte en el parque supone descubrir las costumbres m\u00e1s valencianas, c\u00f3mo pescaban, c\u00f3mo cultivaban y en definitiva comprender que se trata de uno de los lugares m\u00e1s importantes de Espa\u00f1a donde se cultiva el arroz.\n<br><br>\nEs por ello que te proponemos el siguiente plan.\t\t\t\t\t\t\t\t<\/div>\n\t\t\t\t<\/div>\n\t\t\t\t\t<\/div>\n\t\t<\/div>\n\t\t\t\t\t<\/div>\n\t\t<\/section>\n\t\t\t\t<section class=\"elementor-section elementor-top-section elementor-element elementor-element-9012f3d elementor-section-boxed elementor-section-height-default elementor-section-height-default\" data-id=\"9012f3d\" data-element_type=\"section\" data-e-type=\"section\">\n\t\t\t\t\t\t<div class=\"elementor-container elementor-column-gap-default\">\n\t\t\t\t\t<div class=\"elementor-column elementor-col-100 elementor-top-column elementor-element elementor-element-4239e21\" data-id=\"4239e21\" data-element_type=\"column\" data-e-type=\"column\">\n\t\t\t<div class=\"elementor-widget-wrap elementor-element-populated\">\n\t\t\t\t\t\t<div class=\"elementor-element elementor-element-821f03d elementor-tabs-view-horizontal elementor-widget elementor-widget-tabs\" data-id=\"821f03d\" data-element_type=\"widget\" data-e-type=\"widget\" data-widget_type=\"tabs.default\">\n\t\t\t\t<div class=\"elementor-widget-container\">\n\t\t\t\t\t\t\t<div class=\"elementor-tabs\">\n\t\t\t<div class=\"elementor-tabs-wrapper\" role=\"tablist\" >\n\t\t\t\t\t\t\t\t\t<div id=\"elementor-tab-title-1361\" class=\"elementor-tab-title elementor-tab-desktop-title\" aria-selected=\"true\" data-tab=\"1\" role=\"tab\" tabindex=\"0\" aria-controls=\"elementor-tab-content-1361\" aria-expanded=\"false\">POR LA MA\u00d1ANA<\/div>\n\t\t\t\t\t\t\t\t\t<div id=\"elementor-tab-title-1362\" class=\"elementor-tab-title elementor-tab-desktop-title\" aria-selected=\"false\" data-tab=\"2\" role=\"tab\" tabindex=\"-1\" aria-controls=\"elementor-tab-content-1362\" aria-expanded=\"false\">POR LA TARDE<\/div>\n\t\t\t\t\t\t\t\t\t<div id=\"elementor-tab-title-1363\" class=\"elementor-tab-title elementor-tab-desktop-title\" aria-selected=\"false\" data-tab=\"3\" role=\"tab\" tabindex=\"-1\" aria-controls=\"elementor-tab-content-1363\" aria-expanded=\"false\">D\u00d3NDE COMER<\/div>\n\t\t\t\t\t\t\t<\/div>\n\t\t\t<div class=\"elementor-tabs-content-wrapper\" role=\"tablist\" aria-orientation=\"vertical\">\n\t\t\t\t\t\t\t\t\t<div class=\"elementor-tab-title elementor-tab-mobile-title\" aria-selected=\"true\" data-tab=\"1\" role=\"tab\" tabindex=\"0\" aria-controls=\"elementor-tab-content-1361\" aria-expanded=\"false\">POR LA MA\u00d1ANA<\/div>\n\t\t\t\t\t<div id=\"elementor-tab-content-1361\" class=\"elementor-tab-content elementor-clearfix\" data-tab=\"1\" role=\"tabpanel\" aria-labelledby=\"elementor-tab-title-1361\" tabindex=\"0\" hidden=\"false\">La visita de este d\u00eda ser\u00e1 por\u00a0<a href=\"https:\/\/www.lovevalencia.com\/el-palmar.html\" target=\"_blank\" rel=\"noopener\"> El Palmar<\/a>, una antigua y peque\u00f1a isla situada en medio de\u00a0<a href=\"https:\/\/www.lovevalencia.com\/la-albufera.html\" target=\"_blank\" rel=\"noopener\">La Albufera<\/a> y<strong>\u00a0<\/strong>rodeada de cultivos de\u00a0arroz y huerta donde conviven muchos pescadores.\n<BR><BR>\n\nRecorre sus calles y descubre La Barraca del t\u00edo Aranda, una de las barracas originales que todav\u00eda sigue en pie. Ac\u00e9rcate a la Lonja de la Comunidad de Pescadores, observa las plantaciones de arroz y por \u00faltimo no olvides dar un paseo en barca por el lago de la Albufera.<\/div>\n\t\t\t\t\t\t\t\t\t<div class=\"elementor-tab-title elementor-tab-mobile-title\" aria-selected=\"false\" data-tab=\"2\" role=\"tab\" tabindex=\"-1\" aria-controls=\"elementor-tab-content-1362\" aria-expanded=\"false\">POR LA TARDE<\/div>\n\t\t\t\t\t<div id=\"elementor-tab-content-1362\" class=\"elementor-tab-content elementor-clearfix\" data-tab=\"2\" role=\"tabpanel\" aria-labelledby=\"elementor-tab-title-1362\" tabindex=\"0\" hidden=\"hidden\"><p>Para aquellos que no est\u00e9n cansados y quieran disfrutar de la naturaleza m\u00e1s salvaje, te recomendamos que pasees por la Playa del Saler o La Devesa de la Albufera.<br \/><br \/><br \/><strong>LO IMPRESCINDIBLE<\/strong><\/p><ul><li>Paseo en barca por el lago para descubrir la fauna del parque natural.<\/li><\/ul><p><br \/><strong>\u00bfSAB\u00cdAS QU\u00c9?<\/strong><\/p><ul><li>Desde el Embarcadero podr\u00e1s contemplar las mejores puestas de sol de la Albufera de Valencia. Un lugar incre\u00edble para los amantes de la fotograf\u00eda.<\/li><li>El Palmar es famoso por ser fuente de inspiraci\u00f3n de algunas de las novelas de\u00a0<a href=\"https:\/\/www.lovevalencia.com\/casa-museo-blasco-ibanez.html\" target=\"_blank\" rel=\"noopener\">Vicente Blasco Ib\u00e1\u00f1ez<\/a>. Particularmente, la novela \u201cCa\u00f1as y Barro\u201c.<\/li><li>Puedes llegar con transporte p\u00fablico. No olvides consultar los horarios (l\u00ednea 25\u00a0<a href=\"https:\/\/www.emtvalencia.es\/ciudadano\/index.php\" target=\"_blank\" rel=\"noopener\">EMT<\/a>)<\/li><\/ul><\/div>\n\t\t\t\t\t\t\t\t\t<div class=\"elementor-tab-title elementor-tab-mobile-title\" aria-selected=\"false\" data-tab=\"3\" role=\"tab\" tabindex=\"-1\" aria-controls=\"elementor-tab-content-1363\" aria-expanded=\"false\">D\u00d3NDE COMER<\/div>\n\t\t\t\t\t<div id=\"elementor-tab-content-1363\" class=\"elementor-tab-content elementor-clearfix\" data-tab=\"3\" role=\"tabpanel\" aria-labelledby=\"elementor-tab-title-1363\" tabindex=\"0\" hidden=\"hidden\">Visitar El Palmar es sin duda querer conocer nuestra gastronom\u00eda m\u00e1s local.\n<BR><BR>\nEsta bella zona natural cuenta con los mejores restaurantes de arroz de toda Valencia que ofrecen los mejores platos con sabor puramente valenciano: Paella valenciana, Arroz al horno, arroz con bogavante, arroz meloso, arroz mixto, arroz de verduras, arroz con fesols i naps, arroz caldoso, All i pebre\u2026<\/div>\n\t\t\t\t\t\t\t<\/div>\n\t\t<\/div>\n\t\t\t\t\t\t<\/div>\n\t\t\t\t<\/div>\n\t\t\t\t\t<\/div>\n\t\t<\/div>\n\t\t\t\t\t<\/div>\n\t\t<\/section>\n\t\t\t\t<section class=\"elementor-section elementor-top-section elementor-element elementor-element-140ac27 elementor-section-boxed elementor-section-height-default elementor-section-height-default\" data-id=\"140ac27\" data-element_type=\"section\" data-e-type=\"section\">\n\t\t\t\t\t\t<div class=\"elementor-container elementor-column-gap-default\">\n\t\t\t\t\t<div class=\"elementor-column elementor-col-100 elementor-top-column elementor-element elementor-element-2cb4d2a\" data-id=\"2cb4d2a\" data-element_type=\"column\" data-e-type=\"column\">\n\t\t\t<div class=\"elementor-widget-wrap elementor-element-populated\">\n\t\t\t\t\t\t<div class=\"elementor-element elementor-element-b189ffe elementor-widget elementor-widget-html\" data-id=\"b189ffe\" data-element_type=\"widget\" data-e-type=\"widget\" data-widget_type=\"html.default\">\n\t\t\t\t<div class=\"elementor-widget-container\">\n\t\t\t\t\t<iframe src=\"https:\/\/www.google.com\/maps\/d\/embed?mid=16uN88AAPE7nZob8F-s7qceCSJFyC00V8\" width=\"640\" height=\"480\"><\/iframe>\t\t\t\t<\/div>\n\t\t\t\t<\/div>\n\t\t\t\t\t<\/div>\n\t\t<\/div>\n\t\t\t\t\t<\/div>\n\t\t<\/section>\n\t\t\t\t<section class=\"elementor-section elementor-top-section elementor-element elementor-element-60113f4 elementor-section-boxed elementor-section-height-default elementor-section-height-default\" data-id=\"60113f4\" data-element_type=\"section\" data-e-type=\"section\">\n\t\t\t\t\t\t<div class=\"elementor-container elementor-column-gap-default\">\n\t\t\t\t\t<div class=\"elementor-column elementor-col-100 elementor-top-column elementor-element elementor-element-f19e364\" data-id=\"f19e364\" data-element_type=\"column\" data-e-type=\"column\">\n\t\t\t<div class=\"elementor-widget-wrap elementor-element-populated\">\n\t\t\t\t\t\t<div class=\"elementor-element elementor-element-265b9f6 elementor-align-center elementor-icon-list--layout-traditional elementor-list-item-link-full_width elementor-widget elementor-widget-icon-list\" data-id=\"265b9f6\" data-element_type=\"widget\" data-e-type=\"widget\" data-widget_type=\"icon-list.default\">\n\t\t\t\t<div class=\"elementor-widget-container\">\n\t\t\t\t\t\t\t<ul class=\"elementor-icon-list-items\">\n\t\t\t\t\t\t\t<li class=\"elementor-icon-list-item\">\n\t\t\t\t\t\t\t\t\t\t\t<a href=\"https:\/\/experience-valencia.com\/wp-content\/uploads\/2019\/04\/PLANES-PARA-TRES-D\u00cdAS-copia-copia-comprimido.pdf\" target=\"_blank\">\n\n\t\t\t\t\t\t\t\t\t\t\t\t<span class=\"elementor-icon-list-icon\">\n\t\t\t\t\t\t\t\t\t\t\t\t\t\t\t\t<i class=\"fa fa-book\" aria-hidden=\"true\"><\/i>\n\t\t\t\t\t\t\t\t\t\t\t\t\t<\/span>\n\t\t\t\t\t\t\t\t\t\t<span class=\"elementor-icon-list-text\">Descarga en pdf PLANES PARA TRES D\u00cdAS<\/span>\n\t\t\t\t\t\t\t\t\t\t\t<\/a>\n\t\t\t\t\t\t\t\t\t<\/li>\n\t\t\t\t\t\t<\/ul>\n\t\t\t\t\t\t<\/div>\n\t\t\t\t<\/div>\n\t\t\t\t<div class=\"elementor-element elementor-element-202c57e elementor-widget elementor-widget-text-editor\" data-id=\"202c57e\" data-element_type=\"widget\" data-e-type=\"widget\" data-widget_type=\"text-editor.default\">\n\t\t\t\t<div class=\"elementor-widget-container\">\n\t\t\t\t\t\t\t\t\tTe dejamos algunas propuestas para este d\u00eda en Valencia.\t\t\t\t\t\t\t\t<\/div>\n\t\t\t\t<\/div>\n\t\t\t\t\t<\/div>\n\t\t<\/div>\n\t\t\t\t\t<\/div>\n\t\t<\/section>\n\t\t\t\t<section class=\"elementor-section elementor-top-section elementor-element elementor-element-0ef5a61 elementor-section-boxed elementor-section-height-default elementor-section-height-default\" data-id=\"0ef5a61\" data-element_type=\"section\" data-e-type=\"section\">\n\t\t\t\t\t\t<div class=\"elementor-container elementor-column-gap-default\">\n\t\t\t\t\t<div class=\"elementor-column elementor-col-100 elementor-top-column elementor-element elementor-element-722fceb\" data-id=\"722fceb\" data-element_type=\"column\" data-e-type=\"column\">\n\t\t\t<div class=\"elementor-widget-wrap elementor-element-populated\">\n\t\t\t\t\t\t<div class=\"dce-fix-background-loop elementor-element elementor-element-e5fbb76 image-acfposts-position-top text-acfposts-position-outside hoveranim-yes acfposts-align-left elementor-widget elementor-widget-dyncontel-acfposts\" data-id=\"e5fbb76\" data-element_type=\"widget\" data-e-type=\"widget\" data-settings=\"{&quot;slidesPerView&quot;:3,&quot;enabled_wow&quot;:&quot;yes&quot;,&quot;direction_slider&quot;:&quot;horizontal&quot;,&quot;speed_slider&quot;:300,&quot;effects&quot;:&quot;slide&quot;,&quot;spaceBetween&quot;:0,&quot;slidesColumn&quot;:&quot;1&quot;,&quot;slidesPerGroup&quot;:1,&quot;useNavigation&quot;:&quot;yes&quot;,&quot;usePagination&quot;:&quot;yes&quot;,&quot;pagination_type&quot;:&quot;bullets&quot;}\" data-widget_type=\"dyncontel-acfposts.default\">\n\t\t\t\t<div class=\"elementor-widget-container\">\n\t\t\t\t\t<div class=\"swiper swiper-container-horizontal\">\t\t\t<div class=\"acfposts-grid dce-posts-wrap swiper-style swiper-wrapper\" data-style=\"swiper\" data-fitrow=\"\">\n\n\t\t\t\t\n\t\t\t\t\t<div data-dce-post-id=\"1172\" class=\"dce-post-item dce-post-item-1172 dce-elementor-1172 elementor-413 column- swiper-slide   wow fadeInDown\" data-wow-delay=\"0s\">\n\n\t\t\t\t\t\t\n\t\t\t\t\t\t<div class=\"dce-wrapper \">\n\n\t\t\t\t\t\t\t\n\t\t\t\t\t\t\t\t\t\t<div class=\"dce-acfposts_image\">\n\t\t\t<div class=\"dce-acfposts_imagewrap\">\t\t\t<a href=\"https:\/\/experience-valencia.com\/it\/rutas-por-valencia\/sagunto\/\">\t\t\t\t\t\t\t<img decoding=\"async\" src=\"https:\/\/experience-valencia.com\/wp-content\/uploads\/elementor\/thumbs\/sagunto-q0kja2en3kwe261eutlrr7ih13d6zt9pz3nuvwdw6w.jpg\" title=\"Sagunto\" class=\"acfposts-image\" alt=\"\">\n\t\t\t\t\n\t\t\t\t\t\t\t\t\t<\/a>\t\t\t<\/div>\t\t<\/div>\n\n\t\t\t\t\t\t\t\t\t\t<div class=\"dce-acfposts_content\">\n\t\t\t\t\t\t\t\t\t<h5 class=\"dce-post-title\">\t\t<a href=\"https:\/\/experience-valencia.com\/it\/rutas-por-valencia\/sagunto\/\">Sagunto<\/a>\t\t<\/h5>\n\t\t\t\t\t\t\t\t<\/div>\n\t\t\t\t\t\t\t\t\t\t\t\t\t\t\t\t\t\t\t\t\t\t<\/div><!-- end wrapper -->\n\n\t\t\t\t\t<\/div><!-- end item -->\n\n\t\t\t\t\t\n\t\t\t\t\t<div data-dce-post-id=\"1087\" class=\"dce-post-item dce-post-item-1087 dce-elementor-1087 elementor-404 column- swiper-slide   wow fadeInDown\" data-wow-delay=\"0s\">\n\n\t\t\t\t\t\t\n\t\t\t\t\t\t<div class=\"dce-wrapper \">\n\n\t\t\t\t\t\t\t\n\t\t\t\t\t\t\t\t\t\t<div class=\"dce-acfposts_image\">\n\t\t\t<div class=\"dce-acfposts_imagewrap\">\t\t\t<a href=\"https:\/\/experience-valencia.com\/it\/rutas-por-valencia\/gandia-ducal\/\">\t\t\t\t\t\t\t<img decoding=\"async\" src=\"https:\/\/experience-valencia.com\/wp-content\/uploads\/elementor\/thumbs\/gandia-ducal-q0ki6xekixbkmow2eek0fl2iki9zhiw2xdr0i4f1a0.jpg\" title=\"Gand\u00eda ducale\" class=\"acfposts-image\" alt=\"\">\n\t\t\t\t\n\t\t\t\t\t\t\t\t\t<\/a>\t\t\t<\/div>\t\t<\/div>\n\n\t\t\t\t\t\t\t\t\t\t<div class=\"dce-acfposts_content\">\n\t\t\t\t\t\t\t\t\t<h5 class=\"dce-post-title\">\t\t<a href=\"https:\/\/experience-valencia.com\/it\/rutas-por-valencia\/gandia-ducal\/\">Gand\u00eda ducale<\/a>\t\t<\/h5>\n\t\t\t\t\t\t\t\t<\/div>\n\t\t\t\t\t\t\t\t\t\t\t\t\t\t\t\t\t\t\t\t\t\t<\/div><!-- end wrapper -->\n\n\t\t\t\t\t<\/div><!-- end item -->\n\n\t\t\t\t\t\n\t\t\t\t\t<div data-dce-post-id=\"1082\" class=\"dce-post-item dce-post-item-1082 dce-elementor-1082 elementor-403 column- swiper-slide   wow fadeInDown\" data-wow-delay=\"0s\">\n\n\t\t\t\t\t\t\n\t\t\t\t\t\t<div class=\"dce-wrapper \">\n\n\t\t\t\t\t\t\t\n\t\t\t\t\t\t\t\t\t\t<div class=\"dce-acfposts_image\">\n\t\t\t<div class=\"dce-acfposts_imagewrap\">\t\t\t<a href=\"https:\/\/experience-valencia.com\/it\/rutas-por-valencia\/xativa-ciudad-pontificia\/\">\t\t\t\t\t\t\t<img decoding=\"async\" src=\"https:\/\/experience-valencia.com\/wp-content\/uploads\/elementor\/thumbs\/castillo-javea-q0kiuntv3bt7s8eyt5vvw3gijramue436urdqn8660.jpg\" title=\"X\u00e1tiva: Citta pontificia\" class=\"acfposts-image\" alt=\"\">\n\t\t\t\t\n\t\t\t\t\t\t\t\t\t<\/a>\t\t\t<\/div>\t\t<\/div>\n\n\t\t\t\t\t\t\t\t\t\t<div class=\"dce-acfposts_content\">\n\t\t\t\t\t\t\t\t\t<h5 class=\"dce-post-title\">\t\t<a href=\"https:\/\/experience-valencia.com\/it\/rutas-por-valencia\/xativa-ciudad-pontificia\/\">X\u00e1tiva: Citta pontificia<\/a>\t\t<\/h5>\n\t\t\t\t\t\t\t\t<\/div>\n\t\t\t\t\t\t\t\t\t\t\t\t\t\t\t\t\t\t\t\t\t\t<\/div><!-- end wrapper -->\n\n\t\t\t\t\t<\/div><!-- end item -->\n\n\t\t\t\t\t\n\t\t\t\t\t<div data-dce-post-id=\"1081\" class=\"dce-post-item dce-post-item-1081 dce-elementor-1081 elementor-402 column- swiper-slide   wow fadeInDown\" data-wow-delay=\"0s\">\n\n\t\t\t\t\t\t\n\t\t\t\t\t\t<div class=\"dce-wrapper \">\n\n\t\t\t\t\t\t\t\n\t\t\t\t\t\t\t\t\t\t<div class=\"dce-acfposts_image\">\n\t\t\t<div class=\"dce-acfposts_imagewrap\">\t\t\t<a href=\"https:\/\/experience-valencia.com\/it\/rutas-por-valencia\/rutas-enologicas-requena\/\">\t\t\t\t\t\t\t<img decoding=\"async\" src=\"https:\/\/experience-valencia.com\/wp-content\/uploads\/elementor\/thumbs\/ruta-enologica-q0kjv6u2ojtcypcuigayadmdlt94yy4kjnfo4r2ed4.jpg\" title=\"Percorso enologico &#8211; Requena\" class=\"acfposts-image\" alt=\"\">\n\t\t\t\t\n\t\t\t\t\t\t\t\t\t<\/a>\t\t\t<\/div>\t\t<\/div>\n\n\t\t\t\t\t\t\t\t\t\t<div class=\"dce-acfposts_content\">\n\t\t\t\t\t\t\t\t\t<h5 class=\"dce-post-title\">\t\t<a href=\"https:\/\/experience-valencia.com\/it\/rutas-por-valencia\/rutas-enologicas-requena\/\">Percorso enologico &#8211; Requena<\/a>\t\t<\/h5>\n\t\t\t\t\t\t\t\t<\/div>\n\t\t\t\t\t\t\t\t\t\t\t\t\t\t\t\t\t\t\t\t\t\t<\/div><!-- end wrapper -->\n\n\t\t\t\t\t<\/div><!-- end item -->\n\n\t\t\t\t\t\n\t\t\t\t\t<div data-dce-post-id=\"1079\" class=\"dce-post-item dce-post-item-1079 dce-elementor-1079 elementor-381 column- swiper-slide   wow fadeInDown\" data-wow-delay=\"0s\">\n\n\t\t\t\t\t\t\n\t\t\t\t\t\t<div class=\"dce-wrapper \">\n\n\t\t\t\t\t\t\t\n\t\t\t\t\t\t\t\t\t\t<div class=\"dce-acfposts_image\">\n\t\t\t<div class=\"dce-acfposts_imagewrap\">\t\t\t<a href=\"https:\/\/experience-valencia.com\/it\/rutas-por-valencia\/paseo-en-barca-albufera-show-cooking\/\">\t\t\t\t\t\t\t<img decoding=\"async\" src=\"https:\/\/experience-valencia.com\/wp-content\/uploads\/elementor\/thumbs\/curso-paella-albufera-q0kjak9kpfku6rbgyjbokl08bex6228mdk2305newo.jpg\" title=\"Corso di paella nel Parco Naturale dell&#8217;Albufera\" class=\"acfposts-image\" alt=\"\">\n\t\t\t\t\n\t\t\t\t\t\t\t\t\t<\/a>\t\t\t<\/div>\t\t<\/div>\n\n\t\t\t\t\t\t\t\t\t\t<div class=\"dce-acfposts_content\">\n\t\t\t\t\t\t\t\t\t<h5 class=\"dce-post-title\">\t\t<a href=\"https:\/\/experience-valencia.com\/it\/rutas-por-valencia\/paseo-en-barca-albufera-show-cooking\/\">Corso di paella nel Parco Naturale dell&#8217;Albufera<\/a>\t\t<\/h5>\n\t\t\t\t\t\t\t\t<\/div>\n\t\t\t\t\t\t\t\t\t\t\t\t\t\t\t\t\t\t\t\t\t\t<\/div><!-- end wrapper -->\n\n\t\t\t\t\t<\/div><!-- end item -->\n\n\t\t\t\t\t\n\t\t\t\t\t<div data-dce-post-id=\"1128\" class=\"dce-post-item dce-post-item-1128 dce-elementor-1128 elementor-380 column- swiper-slide   wow fadeInDown\" data-wow-delay=\"0s\">\n\n\t\t\t\t\t\t\n\t\t\t\t\t\t<div class=\"dce-wrapper \">\n\n\t\t\t\t\t\t\t\n\t\t\t\t\t\t\t\t\t\t<div class=\"dce-acfposts_image\">\n\t\t\t<div class=\"dce-acfposts_imagewrap\">\t\t\t<a href=\"https:\/\/experience-valencia.com\/it\/rutas-por-valencia\/mercado-central-show-cooking\/\">\t\t\t\t\t\t\t<img decoding=\"async\" src=\"https:\/\/experience-valencia.com\/wp-content\/uploads\/elementor\/thumbs\/curso-de-paella-q0kjiahswe5pnc3btvl92mso5gttcgx63t5t226vqw.jpg\" title=\"Mercato Centrale + Corso di paella\" class=\"acfposts-image\" alt=\"\">\n\t\t\t\t\n\t\t\t\t\t\t\t\t\t<\/a>\t\t\t<\/div>\t\t<\/div>\n\n\t\t\t\t\t\t\t\t\t\t<div class=\"dce-acfposts_content\">\n\t\t\t\t\t\t\t\t\t<h5 class=\"dce-post-title\">\t\t<a href=\"https:\/\/experience-valencia.com\/it\/rutas-por-valencia\/mercado-central-show-cooking\/\">Mercato Centrale + Corso di paella<\/a>\t\t<\/h5>\n\t\t\t\t\t\t\t\t<\/div>\n\t\t\t\t\t\t\t\t\t\t\t\t\t\t\t\t\t\t\t\t\t\t<\/div><!-- end wrapper -->\n\n\t\t\t\t\t<\/div><!-- end item -->\n\n\t\t\t\t\t\n\t\t\t<\/div><!-- end grid -->\n\n\t\t\t\n\t\t\t<\/div> <!-- swiper-wrapper --><div class=\"swiper-container-horizontal\"><div class=\"swiper-pagination pagination-e5fbb76\"><\/div><\/div><div class=\"swiper-button-prev prev-e5fbb76\"><svg version=\"1.1\" xmlns=\"http:\/\/www.w3.org\/2000\/svg\" xmlns:xlink=\"http:\/\/www.w3.org\/1999\/xlink\" x=\"-10px\" y=\"-10px\"\n                width=\"85.039px\" height=\"85.039px\" viewBox=\"378.426 255.12 85.039 85.039\" enable-background=\"new 378.426 255.12 85.039 85.039\"\n                xml:space=\"preserve\">\n                <line fill=\"none\" stroke=\"#000000\" stroke-width=\"1.3845\" stroke-dasharray=\"0,0\" stroke-miterlimit=\"10\" x1=\"382.456\" y1=\"298.077\" x2=\"458.375\" y2=\"298.077\"\/>\n                <polyline fill=\"none\" stroke=\"#000000\" stroke-width=\"1.3845\" stroke-dasharray=\"0,0\" stroke-miterlimit=\"10\" points=\"416.287,331.909,382.456,298.077,416.287,264.245 \"\/>\n                <\/svg><\/div><div class=\"swiper-button-next next-e5fbb76\"><svg version=\"1.1\" xmlns=\"http:\/\/www.w3.org\/2000\/svg\" xmlns:xlink=\"http:\/\/www.w3.org\/1999\/xlink\" x=\"0px\" y=\"0px\"\n                width=\"85.039px\" height=\"85.039px\" viewBox=\"378.426 255.12 85.039 85.039\" enable-background=\"new 378.426 255.12 85.039 85.039\"\n                xml:space=\"preserve\">\n                <line fill=\"none\" stroke=\"#000000\" stroke-width=\"1.3845\" stroke-miterlimit=\"10\" x1=\"458.375\" y1=\"298.077\" x2=\"382.456\" y2=\"298.077\"\/>\n                <polyline fill=\"none\" stroke=\"#000000\" stroke-width=\"1.3845\" stroke-miterlimit=\"10\" points=\"424.543,264.245 458.375,298.077,424.543,331.909 \"\/>\n                <\/svg><\/div>\t\t\t\t<\/div>\n\t\t\t\t<\/div>\n\t\t\t\t\t<\/div>\n\t\t<\/div>\n\t\t\t\t\t<\/div>\n\t\t<\/section>\n\t\t\t\t<section class=\"elementor-section elementor-top-section elementor-element elementor-element-cf1c198 elementor-section-boxed elementor-section-height-default elementor-section-height-default\" data-id=\"cf1c198\" data-element_type=\"section\" data-e-type=\"section\">\n\t\t\t\t\t\t<div class=\"elementor-container elementor-column-gap-default\">\n\t\t\t\t\t<div class=\"elementor-column elementor-col-100 elementor-top-column elementor-element elementor-element-d0d393f\" data-id=\"d0d393f\" data-element_type=\"column\" data-e-type=\"column\">\n\t\t\t<div class=\"elementor-widget-wrap elementor-element-populated\">\n\t\t\t\t\t\t<div data-dce-background-color=\"#d3c7b1\" class=\"elementor-element elementor-element-f3aa77d elementor-align-center elementor-widget elementor-widget-button\" data-id=\"f3aa77d\" data-element_type=\"widget\" data-e-type=\"widget\" data-widget_type=\"button.default\">\n\t\t\t\t<div class=\"elementor-widget-container\">\n\t\t\t\t\t\t\t\t\t<div class=\"elementor-button-wrapper\">\n\t\t\t\t\t<a class=\"elementor-button elementor-button-link elementor-size-sm\" href=\"https:\/\/experience-valencia.com\/contacto\/\">\n\t\t\t\t\t\t<span class=\"elementor-button-content-wrapper\">\n\t\t\t\t\t\t\t\t\t<span class=\"elementor-button-text\">ANABEL, PREFIERO QUE ME ACOMPA\u00d1ES, QUIERO CONTACTAR CONTIGO<\/span>\n\t\t\t\t\t<\/span>\n\t\t\t\t\t<\/a>\n\t\t\t\t<\/div>\n\t\t\t\t\t\t\t\t<\/div>\n\t\t\t\t<\/div>\n\t\t\t\t\t<\/div>\n\t\t<\/div>\n\t\t\t\t\t<\/div>\n\t\t<\/section>\n\t\t\t\t<\/div>\n\t\t","protected":false},"excerpt":{"rendered":"<p>PLANES PARA TRES D\u00cdAS EN VALENCIA Si s\u00f3lo dispones \u00a0de dos d\u00edas para visitar Valencia, no te preocupes, te proponemos una serie de planes para que \u00a0aproveches el tiempo al m\u00e1ximo y no regreses a casa sin haber visto lo esencial \u00a1Hazte con un mapa y comienza la aventura! D\u00cdA 1. VALENCIA CIUTAT VELLA POR LA MA\u00d1ANA POR LA TARDE D\u00d3NDE COMER POR LA MA\u00d1ANA Te recomendamos que visites la \u201cCiutat Vella\u201d recorriendo sus plazas principales y visitando sus edificios m\u00e1s emblem\u00e1ticos. Desde Torres de Serranos hasta la Estaci\u00f3n del Norte no te podr\u00e1s perder: Plaza de la Virgen,\u00a0 Bas\u00edlica&#8230;<\/p>\n","protected":false},"author":1,"featured_media":0,"parent":2225,"menu_order":0,"comment_status":"closed","ping_status":"closed","template":"","meta":{"footnotes":""},"class_list":["post-2229","page","type-page","status-publish","hentry"],"_links":{"self":[{"href":"https:\/\/experience-valencia.com\/it\/wp-json\/wp\/v2\/pages\/2229","targetHints":{"allow":["GET"]}}],"collection":[{"href":"https:\/\/experience-valencia.com\/it\/wp-json\/wp\/v2\/pages"}],"about":[{"href":"https:\/\/experience-valencia.com\/it\/wp-json\/wp\/v2\/types\/page"}],"author":[{"embeddable":true,"href":"https:\/\/experience-valencia.com\/it\/wp-json\/wp\/v2\/users\/1"}],"replies":[{"embeddable":true,"href":"https:\/\/experience-valencia.com\/it\/wp-json\/wp\/v2\/comments?post=2229"}],"version-history":[{"count":14,"href":"https:\/\/experience-valencia.com\/it\/wp-json\/wp\/v2\/pages\/2229\/revisions"}],"predecessor-version":[{"id":4351,"href":"https:\/\/experience-valencia.com\/it\/wp-json\/wp\/v2\/pages\/2229\/revisions\/4351"}],"up":[{"embeddable":true,"href":"https:\/\/experience-valencia.com\/it\/wp-json\/wp\/v2\/pages\/2225"}],"wp:attachment":[{"href":"https:\/\/experience-valencia.com\/it\/wp-json\/wp\/v2\/media?parent=2229"}],"curies":[{"name":"wp","href":"https:\/\/api.w.org\/{rel}","templated":true}]}}